{"id":1799,"date":"2016-03-01T02:21:41","date_gmt":"2016-03-01T02:21:41","guid":{"rendered":"https:\/\/www.zacatecas.gob.mx\/?page_id=1799"},"modified":"2022-03-31T02:05:08","modified_gmt":"2022-03-31T08:05:08","slug":"boletines","status":"publish","type":"page","link":"https:\/\/sezami.zacatecas.gob.mx\/?page_id=1799","title":{"rendered":"Boletines de Prensa"},"content":{"rendered":"<div class=\"fusion-fullwidth fullwidth-box fusion-builder-row-1 fusion-flex-container nonhundred-percent-fullwidth non-hundred-percent-height-scrolling\" style=\"background-color: rgba(255,255,255,0);background-position: left top;background-repeat: no-repeat;border-width: 0px 0px 0px 0px;border-color:var(--awb-color3);border-style:solid;\" ><div class=\"fusion-builder-row fusion-row fusion-flex-align-items-flex-start\" style=\"max-width:1248px;margin-left: calc(-4% \/ 2 );margin-right: calc(-4% \/ 2 );\"><div class=\"fusion-layout-column fusion_builder_column fusion-builder-column-0 fusion_builder_column_1_1 1_1 fusion-flex-column fusion-flex-align-self-flex-start fusion-column-no-min-height\"><div class=\"fusion-column-wrapper fusion-flex-justify-content-flex-start fusion-content-layout-column\" style=\"background-position:left top;background-blend-mode: overlay;background-repeat:no-repeat;-webkit-background-size:cover;-moz-background-size:cover;-o-background-size:cover;background-size:cover;padding: 0px 0px 0px 0px;\"><div class=\"fusion-blog-shortcode fusion-blog-shortcode-1 fusion-blog-archive fusion-blog-layout-grid-wrapper fusion-blog-pagination\"><style type=\"text\/css\">.fusion-blog-shortcode-1 .fusion-blog-layout-grid .fusion-post-grid{padding:40px;}.fusion-blog-shortcode-1 .fusion-posts-container{margin-left: -40px !important; margin-right:-40px !important;}<\/style><div class=\"fusion-posts-container fusion-posts-container-pagination fusion-no-meta-info fusion-blog-rollover fusion-blog-layout-grid fusion-blog-layout-grid-2 isotope fusion-blog-equal-heights\" data-pages=\"41\" data-grid-col-space=\"80\" style=\"margin: -40px -40px 0;min-height:500px;\"><article id=\"blog-1-post-20479\" class=\"fusion-post-grid post-20479 post type-post status-publish format-standard has-post-thumbnail hentry category-noticias\">\n<div class=\"fusion-post-wrapper\" style=\"background-color:rgba(255,255,255,0);border:1px solid var(--awb-color2);border-bottom-width:3px;\">\n\n\t\t\t<div class=\"fusion-flexslider flexslider fusion-flexslider-loading fusion-post-slideshow\" style=\"border-color:var(--awb-color2);\">\n\t\t<ul class=\"slides\">\n\t\t\t\n\t\t\t\t\t\t\t\t\t\t\t\t\t\t<li><div  class=\"fusion-image-wrapper\" aria-haspopup=\"true\">\n\t\t\t\t<img width=\"1199\" height=\"844\" src=\"https:\/\/sezami.zacatecas.gob.mx\/wp-content\/uploads\/2026\/04\/WhatsApp-Image-2026-04-28-at-3.32.51-PM.jpeg\" class=\"attachment-full size-full wp-post-image\" alt=\"\" decoding=\"async\" loading=\"lazy\" srcset=\"https:\/\/sezami.zacatecas.gob.mx\/wp-content\/uploads\/2026\/04\/WhatsApp-Image-2026-04-28-at-3.32.51-PM-200x141.jpeg 200w, https:\/\/sezami.zacatecas.gob.mx\/wp-content\/uploads\/2026\/04\/WhatsApp-Image-2026-04-28-at-3.32.51-PM-400x282.jpeg 400w, https:\/\/sezami.zacatecas.gob.mx\/wp-content\/uploads\/2026\/04\/WhatsApp-Image-2026-04-28-at-3.32.51-PM-600x422.jpeg 600w, https:\/\/sezami.zacatecas.gob.mx\/wp-content\/uploads\/2026\/04\/WhatsApp-Image-2026-04-28-at-3.32.51-PM-800x563.jpeg 800w, https:\/\/sezami.zacatecas.gob.mx\/wp-content\/uploads\/2026\/04\/WhatsApp-Image-2026-04-28-at-3.32.51-PM.jpeg 1199w\" sizes=\"(min-width: 2200px) 100vw, (min-width: 712px) 560px, (min-width: 640px) 712px, \" \/><div class=\"fusion-rollover\">\n\t<div class=\"fusion-rollover-content\">\n\n\t\t\t\t\t\t\t\t\t\t\t\t\t\t<a class=\"fusion-rollover-link\" href=\"https:\/\/sezami.zacatecas.gob.mx\/?p=20479\">Celebra Gobierno de Zacatecas 26 a\u00f1os del D\u00eda del Nochistlense en California<\/a>\n\t\t\t\n\t\t\t\t\t\t\t\t\t\t\t\t\t\t\n\t\t\t\t\t\t\t\t\n\t\t\t\t\t\t\t\t\t\t\t\t\t<div class=\"fusion-rollover-sep\"><\/div>\n\t\t\t\t\n\t\t\t\t\t\t\t\t\t\t\t\t\t\t\t\t\t\t<a class=\"fusion-rollover-gallery\" href=\"https:\/\/sezami.zacatecas.gob.mx\/wp-content\/uploads\/2026\/04\/WhatsApp-Image-2026-04-28-at-3.32.51-PM.jpeg\" data-id=\"20479\" data-rel=\"iLightbox[gallery]\" data-title=\"WhatsApp Image 2026-04-28 at 3.32.51 PM\" data-caption=\"\">\n\t\t\t\t\t\tGallery\t\t\t\t\t<\/a>\n\t\t\t\t\t\t\t\t\t\t\t\t\t\t\n\t\t\n\t\t\t\t\t\t\t\t\t\t\t\t<h4 class=\"fusion-rollover-title\">\n\t\t\t\t\t<a class=\"fusion-rollover-title-link\" href=\"https:\/\/sezami.zacatecas.gob.mx\/?p=20479\">\n\t\t\t\t\t\tCelebra Gobierno de Zacatecas 26 a\u00f1os del D\u00eda del Nochistlense en California\t\t\t\t\t<\/a>\n\t\t\t\t<\/h4>\n\t\t\t\n\t\t\t\t\t\t\t\t\t\t<div class=\"fusion-rollover-categories\"><a href=\"https:\/\/sezami.zacatecas.gob.mx\/?cat=151\" rel=\"tag\">Noticias<\/a><\/div>\t\t\t\t\t\n\t\t\n\t\t\t\t\t\t<a class=\"fusion-link-wrapper\" href=\"https:\/\/sezami.zacatecas.gob.mx\/?p=20479\" aria-label=\"Celebra Gobierno de Zacatecas 26 a\u00f1os del D\u00eda del Nochistlense en California\"><\/a>\n\t<\/div>\n<\/div>\n<\/div>\n<\/li>\n\t\t\t\n\t\t\t\n\t\t\t\t\t\t\t\t\t\t\t\n\t\t\t\t\t\n\t\t\t\t\t\t\t\t\t\t\t<li>\n\t\t\t\t\t\t\t<div class=\"fusion-image-wrapper\">\n\t\t\t\t\t\t\t\t<a href=\"https:\/\/sezami.zacatecas.gob.mx\/?p=20479\" aria-label=\"Celebra Gobierno de Zacatecas 26 a\u00f1os del D\u00eda del Nochistlense en California\">\n\t\t\t\t\t\t\t\t\t<img decoding=\"async\" width=\"1280\" height=\"525\" src=\"https:\/\/sezami.zacatecas.gob.mx\/wp-content\/uploads\/2026\/04\/WhatsApp-Image-2026-04-28-at-3.32.49-PM.jpeg\" alt=\"\" class=\"wp-image-20480\" role=\"presentation\" srcset=\"https:\/\/sezami.zacatecas.gob.mx\/wp-content\/uploads\/2026\/04\/WhatsApp-Image-2026-04-28-at-3.32.49-PM-200x82.jpeg 200w, https:\/\/sezami.zacatecas.gob.mx\/wp-content\/uploads\/2026\/04\/WhatsApp-Image-2026-04-28-at-3.32.49-PM-400x164.jpeg 400w, https:\/\/sezami.zacatecas.gob.mx\/wp-content\/uploads\/2026\/04\/WhatsApp-Image-2026-04-28-at-3.32.49-PM-600x246.jpeg 600w, https:\/\/sezami.zacatecas.gob.mx\/wp-content\/uploads\/2026\/04\/WhatsApp-Image-2026-04-28-at-3.32.49-PM-800x328.jpeg 800w, https:\/\/sezami.zacatecas.gob.mx\/wp-content\/uploads\/2026\/04\/WhatsApp-Image-2026-04-28-at-3.32.49-PM-1200x492.jpeg 1200w, https:\/\/sezami.zacatecas.gob.mx\/wp-content\/uploads\/2026\/04\/WhatsApp-Image-2026-04-28-at-3.32.49-PM.jpeg 1280w\" sizes=\"(min-width: 2200px) 100vw, (min-width: 712px) 560px, (min-width: 640px) 712px, \" \/>\t\t\t\t\t\t\t\t<\/a>\n\t\t\t\t\t\t\t\t<a style=\"display:none;\" href=\"https:\/\/sezami.zacatecas.gob.mx\/wp-content\/uploads\/2026\/04\/WhatsApp-Image-2026-04-28-at-3.32.49-PM.jpeg\" data-rel=\"iLightbox[gallery20479]\"  title=\"\" data-title=\"WhatsApp Image 2026-04-28 at 3.32.49 PM\" data-caption=\"\">\n\t\t\t\t\t\t\t\t\t\t\t\t\t\t\t\t\t<\/a>\n\t\t\t\t\t\t\t<\/div>\n\t\t\t\t\t\t<\/li>\n\t\t\t\t\t\t\t\t\t\t\t\t\t\t\t\t\t\t\t\t\t\t\t\t\n\t\t\t\t\t\n\t\t\t\t\t\t\t\t\t\t\t<li>\n\t\t\t\t\t\t\t<div class=\"fusion-image-wrapper\">\n\t\t\t\t\t\t\t\t<a href=\"https:\/\/sezami.zacatecas.gob.mx\/?p=20479\" aria-label=\"Celebra Gobierno de Zacatecas 26 a\u00f1os del D\u00eda del Nochistlense en California\">\n\t\t\t\t\t\t\t\t\t<img decoding=\"async\" width=\"1044\" height=\"864\" src=\"https:\/\/sezami.zacatecas.gob.mx\/wp-content\/uploads\/2026\/04\/WhatsApp-Image-2026-04-28-at-3.32.52-PM.jpeg\" alt=\"\" class=\"wp-image-20482\" role=\"presentation\" srcset=\"https:\/\/sezami.zacatecas.gob.mx\/wp-content\/uploads\/2026\/04\/WhatsApp-Image-2026-04-28-at-3.32.52-PM-200x166.jpeg 200w, https:\/\/sezami.zacatecas.gob.mx\/wp-content\/uploads\/2026\/04\/WhatsApp-Image-2026-04-28-at-3.32.52-PM-400x331.jpeg 400w, https:\/\/sezami.zacatecas.gob.mx\/wp-content\/uploads\/2026\/04\/WhatsApp-Image-2026-04-28-at-3.32.52-PM-600x497.jpeg 600w, https:\/\/sezami.zacatecas.gob.mx\/wp-content\/uploads\/2026\/04\/WhatsApp-Image-2026-04-28-at-3.32.52-PM-800x662.jpeg 800w, https:\/\/sezami.zacatecas.gob.mx\/wp-content\/uploads\/2026\/04\/WhatsApp-Image-2026-04-28-at-3.32.52-PM.jpeg 1044w\" sizes=\"(min-width: 2200px) 100vw, (min-width: 712px) 560px, (min-width: 640px) 712px, \" \/>\t\t\t\t\t\t\t\t<\/a>\n\t\t\t\t\t\t\t\t<a style=\"display:none;\" href=\"https:\/\/sezami.zacatecas.gob.mx\/wp-content\/uploads\/2026\/04\/WhatsApp-Image-2026-04-28-at-3.32.52-PM.jpeg\" data-rel=\"iLightbox[gallery20479]\"  title=\"\" data-title=\"WhatsApp Image 2026-04-28 at 3.32.52 PM\" data-caption=\"\">\n\t\t\t\t\t\t\t\t\t\t\t\t\t\t\t\t\t<\/a>\n\t\t\t\t\t\t\t<\/div>\n\t\t\t\t\t\t<\/li>\n\t\t\t\t\t\t\t\t\t\t\t\t\t\t\t\t\t\t\t\t\t\t\t\t\n\t\t\t\t\t\n\t\t\t\t\t\t\t\t\t\t\t<li>\n\t\t\t\t\t\t\t<div class=\"fusion-image-wrapper\">\n\t\t\t\t\t\t\t\t<a href=\"https:\/\/sezami.zacatecas.gob.mx\/?p=20479\" aria-label=\"Celebra Gobierno de Zacatecas 26 a\u00f1os del D\u00eda del Nochistlense en California\">\n\t\t\t\t\t\t\t\t\t<img decoding=\"async\" width=\"1280\" height=\"652\" src=\"https:\/\/sezami.zacatecas.gob.mx\/wp-content\/uploads\/2026\/04\/WhatsApp-Image-2026-04-28-at-3.32.53-PM.jpeg\" alt=\"\" class=\"wp-image-20483\" role=\"presentation\" srcset=\"https:\/\/sezami.zacatecas.gob.mx\/wp-content\/uploads\/2026\/04\/WhatsApp-Image-2026-04-28-at-3.32.53-PM-200x102.jpeg 200w, https:\/\/sezami.zacatecas.gob.mx\/wp-content\/uploads\/2026\/04\/WhatsApp-Image-2026-04-28-at-3.32.53-PM-400x204.jpeg 400w, https:\/\/sezami.zacatecas.gob.mx\/wp-content\/uploads\/2026\/04\/WhatsApp-Image-2026-04-28-at-3.32.53-PM-600x306.jpeg 600w, https:\/\/sezami.zacatecas.gob.mx\/wp-content\/uploads\/2026\/04\/WhatsApp-Image-2026-04-28-at-3.32.53-PM-800x408.jpeg 800w, https:\/\/sezami.zacatecas.gob.mx\/wp-content\/uploads\/2026\/04\/WhatsApp-Image-2026-04-28-at-3.32.53-PM-1200x611.jpeg 1200w, https:\/\/sezami.zacatecas.gob.mx\/wp-content\/uploads\/2026\/04\/WhatsApp-Image-2026-04-28-at-3.32.53-PM.jpeg 1280w\" sizes=\"(min-width: 2200px) 100vw, (min-width: 712px) 560px, (min-width: 640px) 712px, \" \/>\t\t\t\t\t\t\t\t<\/a>\n\t\t\t\t\t\t\t\t<a style=\"display:none;\" href=\"https:\/\/sezami.zacatecas.gob.mx\/wp-content\/uploads\/2026\/04\/WhatsApp-Image-2026-04-28-at-3.32.53-PM.jpeg\" data-rel=\"iLightbox[gallery20479]\"  title=\"\" data-title=\"WhatsApp Image 2026-04-28 at 3.32.53 PM\" data-caption=\"\">\n\t\t\t\t\t\t\t\t\t\t\t\t\t\t\t\t\t<\/a>\n\t\t\t\t\t\t\t<\/div>\n\t\t\t\t\t\t<\/li>\n\t\t\t\t\t\t\t\t\t\t\t\t\t\t\t\t\t\t\t\t\t\t\t\t\t\t\t\t\t\t\t\t\t\t\t\t\t\t\t\t\t\t\t\t\t\t\t\t\t\t\t\t\t\t\t\t\t\t\t\t\t\t\t\t\t\t\t\t\t\t\t\t\t\t\t\t\t\t\t\t\t\t\t\t\t\t\t\t\t\t\t\t\t\t\t\t\t\t\t\t\t\t\t\t\t\t\t\t\t\t\t<\/ul>\n\t<\/div>\n\t<div class=\"fusion-post-content-wrapper\" style=\"padding:30px 25px 25px 25px;\"><div class=\"fusion-post-content post-content\"><h2 class=\"blog-shortcode-post-title entry-title\"><a href=\"https:\/\/sezami.zacatecas.gob.mx\/?p=20479\">Celebra Gobierno de Zacatecas 26 a\u00f1os del D\u00eda del Nochistlense en California<\/a><\/h2><div class=\"fusion-post-content-container\"><p>\u25aa\ufe0fEl Gobierno que encabeza el mandatario David Monreal \u00c1vila reconoce el trabajo y labor altruista de las mujeres y hombres nochistlenses \u25aa\ufe0fSe [...]<\/p><\/div><\/div><\/div><div class=\"fusion-clearfix\"><\/div><\/div>\n<\/article>\n<article id=\"blog-1-post-20475\" class=\"fusion-post-grid post-20475 post type-post status-publish format-standard has-post-thumbnail hentry category-noticias\">\n<div class=\"fusion-post-wrapper\" style=\"background-color:rgba(255,255,255,0);border:1px solid var(--awb-color2);border-bottom-width:3px;\">\n\n\t\t\t<div class=\"fusion-flexslider flexslider fusion-flexslider-loading fusion-post-slideshow\" style=\"border-color:var(--awb-color2);\">\n\t\t<ul class=\"slides\">\n\t\t\t\n\t\t\t\t\t\t\t\t\t\t\t\t\t\t<li><div  class=\"fusion-image-wrapper\" aria-haspopup=\"true\">\n\t\t\t\t<img width=\"1280\" height=\"677\" src=\"https:\/\/sezami.zacatecas.gob.mx\/wp-content\/uploads\/2026\/04\/WhatsApp-Image-2026-04-27-at-12.11.32-PM.jpeg\" class=\"attachment-full size-full wp-post-image\" alt=\"\" decoding=\"async\" loading=\"lazy\" srcset=\"https:\/\/sezami.zacatecas.gob.mx\/wp-content\/uploads\/2026\/04\/WhatsApp-Image-2026-04-27-at-12.11.32-PM-200x106.jpeg 200w, https:\/\/sezami.zacatecas.gob.mx\/wp-content\/uploads\/2026\/04\/WhatsApp-Image-2026-04-27-at-12.11.32-PM-400x212.jpeg 400w, https:\/\/sezami.zacatecas.gob.mx\/wp-content\/uploads\/2026\/04\/WhatsApp-Image-2026-04-27-at-12.11.32-PM-600x317.jpeg 600w, https:\/\/sezami.zacatecas.gob.mx\/wp-content\/uploads\/2026\/04\/WhatsApp-Image-2026-04-27-at-12.11.32-PM-800x423.jpeg 800w, https:\/\/sezami.zacatecas.gob.mx\/wp-content\/uploads\/2026\/04\/WhatsApp-Image-2026-04-27-at-12.11.32-PM-1200x635.jpeg 1200w, https:\/\/sezami.zacatecas.gob.mx\/wp-content\/uploads\/2026\/04\/WhatsApp-Image-2026-04-27-at-12.11.32-PM.jpeg 1280w\" sizes=\"(min-width: 2200px) 100vw, (min-width: 712px) 560px, (min-width: 640px) 712px, \" \/><div class=\"fusion-rollover\">\n\t<div class=\"fusion-rollover-content\">\n\n\t\t\t\t\t\t\t\t\t\t\t\t\t\t<a class=\"fusion-rollover-link\" href=\"https:\/\/sezami.zacatecas.gob.mx\/?p=20475\">Para el progreso de los municipios, aprueba COVAM 24 proyectos del Programa 2&#215;1<\/a>\n\t\t\t\n\t\t\t\t\t\t\t\t\t\t\t\t\t\t\n\t\t\t\t\t\t\t\t\n\t\t\t\t\t\t\t\t\t\t\t\t\t<div class=\"fusion-rollover-sep\"><\/div>\n\t\t\t\t\n\t\t\t\t\t\t\t\t\t\t\t\t\t\t\t\t\t\t<a class=\"fusion-rollover-gallery\" href=\"https:\/\/sezami.zacatecas.gob.mx\/wp-content\/uploads\/2026\/04\/WhatsApp-Image-2026-04-27-at-12.11.32-PM.jpeg\" data-id=\"20475\" data-rel=\"iLightbox[gallery]\" data-title=\"WhatsApp Image 2026-04-27 at 12.11.32 PM\" data-caption=\"\">\n\t\t\t\t\t\tGallery\t\t\t\t\t<\/a>\n\t\t\t\t\t\t\t\t\t\t\t\t\t\t\n\t\t\n\t\t\t\t\t\t\t\t\t\t\t\t<h4 class=\"fusion-rollover-title\">\n\t\t\t\t\t<a class=\"fusion-rollover-title-link\" href=\"https:\/\/sezami.zacatecas.gob.mx\/?p=20475\">\n\t\t\t\t\t\tPara el progreso de los municipios, aprueba COVAM 24 proyectos del Programa 2&#215;1\t\t\t\t\t<\/a>\n\t\t\t\t<\/h4>\n\t\t\t\n\t\t\t\t\t\t\t\t\t\t<div class=\"fusion-rollover-categories\"><a href=\"https:\/\/sezami.zacatecas.gob.mx\/?cat=151\" rel=\"tag\">Noticias<\/a><\/div>\t\t\t\t\t\n\t\t\n\t\t\t\t\t\t<a class=\"fusion-link-wrapper\" href=\"https:\/\/sezami.zacatecas.gob.mx\/?p=20475\" aria-label=\"Para el progreso de los municipios, aprueba COVAM 24 proyectos del Programa 2&#215;1\"><\/a>\n\t<\/div>\n<\/div>\n<\/div>\n<\/li>\n\t\t\t\n\t\t\t\n\t\t\t\t\t\t\t\t\t\t\t\n\t\t\t\t\t\n\t\t\t\t\t\t\t\t\t\t\t<li>\n\t\t\t\t\t\t\t<div class=\"fusion-image-wrapper\">\n\t\t\t\t\t\t\t\t<a href=\"https:\/\/sezami.zacatecas.gob.mx\/?p=20475\" aria-label=\"Para el progreso de los municipios, aprueba COVAM 24 proyectos del Programa 2&#215;1\">\n\t\t\t\t\t\t\t\t\t<img decoding=\"async\" width=\"1280\" height=\"677\" src=\"https:\/\/sezami.zacatecas.gob.mx\/wp-content\/uploads\/2026\/04\/WhatsApp-Image-2026-04-27-at-12.11.32-PM-1.jpeg\" alt=\"\" class=\"wp-image-20476\" role=\"presentation\" srcset=\"https:\/\/sezami.zacatecas.gob.mx\/wp-content\/uploads\/2026\/04\/WhatsApp-Image-2026-04-27-at-12.11.32-PM-1-200x106.jpeg 200w, https:\/\/sezami.zacatecas.gob.mx\/wp-content\/uploads\/2026\/04\/WhatsApp-Image-2026-04-27-at-12.11.32-PM-1-400x212.jpeg 400w, https:\/\/sezami.zacatecas.gob.mx\/wp-content\/uploads\/2026\/04\/WhatsApp-Image-2026-04-27-at-12.11.32-PM-1-600x317.jpeg 600w, https:\/\/sezami.zacatecas.gob.mx\/wp-content\/uploads\/2026\/04\/WhatsApp-Image-2026-04-27-at-12.11.32-PM-1-800x423.jpeg 800w, https:\/\/sezami.zacatecas.gob.mx\/wp-content\/uploads\/2026\/04\/WhatsApp-Image-2026-04-27-at-12.11.32-PM-1-1200x635.jpeg 1200w, https:\/\/sezami.zacatecas.gob.mx\/wp-content\/uploads\/2026\/04\/WhatsApp-Image-2026-04-27-at-12.11.32-PM-1.jpeg 1280w\" sizes=\"(min-width: 2200px) 100vw, (min-width: 712px) 560px, (min-width: 640px) 712px, \" \/>\t\t\t\t\t\t\t\t<\/a>\n\t\t\t\t\t\t\t\t<a style=\"display:none;\" href=\"https:\/\/sezami.zacatecas.gob.mx\/wp-content\/uploads\/2026\/04\/WhatsApp-Image-2026-04-27-at-12.11.32-PM-1.jpeg\" data-rel=\"iLightbox[gallery20475]\"  title=\"\" data-title=\"WhatsApp Image 2026-04-27 at 12.11.32 PM (1)\" data-caption=\"\">\n\t\t\t\t\t\t\t\t\t\t\t\t\t\t\t\t\t<\/a>\n\t\t\t\t\t\t\t<\/div>\n\t\t\t\t\t\t<\/li>\n\t\t\t\t\t\t\t\t\t\t\t\t\t\t\t\t\t\t\t\t\t\t\t\t\t\t\t\t\t\t\t\t\t\t\t\t\t\t\t\t\t\t\t\t\t\t\t\t\t\t\t\t\t\t\t\t\t\t\t\t\t\t\t\t\t\t\t\t\t\t\t\t\t\t\t\t\t\t\t\t\t\t\t\t\t\t\t\t\t\t\t\t\t\t\t\t\t\t\t\t\t\t\t\t\t\t\t\t\t\t\t\t\t\t\t\t\t\t\t\t\t\t\t\t\t\t\t\t\t\t\t\t\t\t\t\t\t\t\t\t\t<\/ul>\n\t<\/div>\n\t<div class=\"fusion-post-content-wrapper\" style=\"padding:30px 25px 25px 25px;\"><div class=\"fusion-post-content post-content\"><h2 class=\"blog-shortcode-post-title entry-title\"><a href=\"https:\/\/sezami.zacatecas.gob.mx\/?p=20475\">Para el progreso de los municipios, aprueba COVAM 24 proyectos del Programa 2&#215;1<\/a><\/h2><div class=\"fusion-post-content-container\"><p>\u25aa\ufe0fEl Gobierno que encabeza el mandatario David Monreal \u00c1vila refrenda su compromiso con la comunidad zacatecana migrante \u25aa\ufe0fEn la Primera Sesi\u00f3n Ordinaria [...]<\/p><\/div><\/div><\/div><div class=\"fusion-clearfix\"><\/div><\/div>\n<\/article>\n<article id=\"blog-1-post-20461\" class=\"fusion-post-grid post-20461 post type-post status-publish format-standard has-post-thumbnail hentry category-noticias\">\n<div class=\"fusion-post-wrapper\" style=\"background-color:rgba(255,255,255,0);border:1px solid var(--awb-color2);border-bottom-width:3px;\">\n\n\t\t\t<div class=\"fusion-flexslider flexslider fusion-flexslider-loading fusion-post-slideshow\" style=\"border-color:var(--awb-color2);\">\n\t\t<ul class=\"slides\">\n\t\t\t\n\t\t\t\t\t\t\t\t\t\t\t\t\t\t<li><div  class=\"fusion-image-wrapper\" aria-haspopup=\"true\">\n\t\t\t\t<img width=\"1200\" height=\"800\" src=\"https:\/\/sezami.zacatecas.gob.mx\/wp-content\/uploads\/2026\/04\/WhatsApp-Image-2026-04-23-at-9.25.27-AM-1.jpeg\" class=\"attachment-full size-full wp-post-image\" alt=\"\" decoding=\"async\" loading=\"lazy\" srcset=\"https:\/\/sezami.zacatecas.gob.mx\/wp-content\/uploads\/2026\/04\/WhatsApp-Image-2026-04-23-at-9.25.27-AM-1-200x133.jpeg 200w, https:\/\/sezami.zacatecas.gob.mx\/wp-content\/uploads\/2026\/04\/WhatsApp-Image-2026-04-23-at-9.25.27-AM-1-400x267.jpeg 400w, https:\/\/sezami.zacatecas.gob.mx\/wp-content\/uploads\/2026\/04\/WhatsApp-Image-2026-04-23-at-9.25.27-AM-1-600x400.jpeg 600w, https:\/\/sezami.zacatecas.gob.mx\/wp-content\/uploads\/2026\/04\/WhatsApp-Image-2026-04-23-at-9.25.27-AM-1-800x533.jpeg 800w, https:\/\/sezami.zacatecas.gob.mx\/wp-content\/uploads\/2026\/04\/WhatsApp-Image-2026-04-23-at-9.25.27-AM-1.jpeg 1200w\" sizes=\"(min-width: 2200px) 100vw, (min-width: 712px) 560px, (min-width: 640px) 712px, \" \/><div class=\"fusion-rollover\">\n\t<div class=\"fusion-rollover-content\">\n\n\t\t\t\t\t\t\t\t\t\t\t\t\t\t<a class=\"fusion-rollover-link\" href=\"https:\/\/sezami.zacatecas.gob.mx\/?p=20461\">Gobierno de Zacatecas y migrantes rehabilitan cancha en La Blanca, Sombrerete<\/a>\n\t\t\t\n\t\t\t\t\t\t\t\t\t\t\t\t\t\t\n\t\t\t\t\t\t\t\t\n\t\t\t\t\t\t\t\t\t\t\t\t\t<div class=\"fusion-rollover-sep\"><\/div>\n\t\t\t\t\n\t\t\t\t\t\t\t\t\t\t\t\t\t\t\t\t\t\t<a class=\"fusion-rollover-gallery\" href=\"https:\/\/sezami.zacatecas.gob.mx\/wp-content\/uploads\/2026\/04\/WhatsApp-Image-2026-04-23-at-9.25.27-AM-1.jpeg\" data-id=\"20461\" data-rel=\"iLightbox[gallery]\" data-title=\"WhatsApp Image 2026-04-23 at 9.25.27 AM (1)\" data-caption=\"\">\n\t\t\t\t\t\tGallery\t\t\t\t\t<\/a>\n\t\t\t\t\t\t\t\t\t\t\t\t\t\t\n\t\t\n\t\t\t\t\t\t\t\t\t\t\t\t<h4 class=\"fusion-rollover-title\">\n\t\t\t\t\t<a class=\"fusion-rollover-title-link\" href=\"https:\/\/sezami.zacatecas.gob.mx\/?p=20461\">\n\t\t\t\t\t\tGobierno de Zacatecas y migrantes rehabilitan cancha en La Blanca, Sombrerete\t\t\t\t\t<\/a>\n\t\t\t\t<\/h4>\n\t\t\t\n\t\t\t\t\t\t\t\t\t\t<div class=\"fusion-rollover-categories\"><a href=\"https:\/\/sezami.zacatecas.gob.mx\/?cat=151\" rel=\"tag\">Noticias<\/a><\/div>\t\t\t\t\t\n\t\t\n\t\t\t\t\t\t<a class=\"fusion-link-wrapper\" href=\"https:\/\/sezami.zacatecas.gob.mx\/?p=20461\" aria-label=\"Gobierno de Zacatecas y migrantes rehabilitan cancha en La Blanca, Sombrerete\"><\/a>\n\t<\/div>\n<\/div>\n<\/div>\n<\/li>\n\t\t\t\n\t\t\t\n\t\t\t\t\t\t\t\t\t\t\t\n\t\t\t\t\t\n\t\t\t\t\t\t\t\t\t\t\t<li>\n\t\t\t\t\t\t\t<div class=\"fusion-image-wrapper\">\n\t\t\t\t\t\t\t\t<a href=\"https:\/\/sezami.zacatecas.gob.mx\/?p=20461\" aria-label=\"Gobierno de Zacatecas y migrantes rehabilitan cancha en La Blanca, Sombrerete\">\n\t\t\t\t\t\t\t\t\t<img decoding=\"async\" width=\"1200\" height=\"800\" src=\"https:\/\/sezami.zacatecas.gob.mx\/wp-content\/uploads\/2026\/04\/WhatsApp-Image-2026-04-23-at-9.25.27-AM.jpeg\" alt=\"\" class=\"wp-image-20465\" role=\"presentation\" srcset=\"https:\/\/sezami.zacatecas.gob.mx\/wp-content\/uploads\/2026\/04\/WhatsApp-Image-2026-04-23-at-9.25.27-AM-200x133.jpeg 200w, https:\/\/sezami.zacatecas.gob.mx\/wp-content\/uploads\/2026\/04\/WhatsApp-Image-2026-04-23-at-9.25.27-AM-400x267.jpeg 400w, https:\/\/sezami.zacatecas.gob.mx\/wp-content\/uploads\/2026\/04\/WhatsApp-Image-2026-04-23-at-9.25.27-AM-600x400.jpeg 600w, https:\/\/sezami.zacatecas.gob.mx\/wp-content\/uploads\/2026\/04\/WhatsApp-Image-2026-04-23-at-9.25.27-AM-800x533.jpeg 800w, https:\/\/sezami.zacatecas.gob.mx\/wp-content\/uploads\/2026\/04\/WhatsApp-Image-2026-04-23-at-9.25.27-AM.jpeg 1200w\" sizes=\"(min-width: 2200px) 100vw, (min-width: 712px) 560px, (min-width: 640px) 712px, \" \/>\t\t\t\t\t\t\t\t<\/a>\n\t\t\t\t\t\t\t\t<a style=\"display:none;\" href=\"https:\/\/sezami.zacatecas.gob.mx\/wp-content\/uploads\/2026\/04\/WhatsApp-Image-2026-04-23-at-9.25.27-AM.jpeg\" data-rel=\"iLightbox[gallery20461]\"  title=\"\" data-title=\"WhatsApp Image 2026-04-23 at 9.25.27 AM\" data-caption=\"\">\n\t\t\t\t\t\t\t\t\t\t\t\t\t\t\t\t\t<\/a>\n\t\t\t\t\t\t\t<\/div>\n\t\t\t\t\t\t<\/li>\n\t\t\t\t\t\t\t\t\t\t\t\t\t\t\t\t\t\t\t\t\t\t\t\t\n\t\t\t\t\t\n\t\t\t\t\t\t\t\t\t\t\t<li>\n\t\t\t\t\t\t\t<div class=\"fusion-image-wrapper\">\n\t\t\t\t\t\t\t\t<a href=\"https:\/\/sezami.zacatecas.gob.mx\/?p=20461\" aria-label=\"Gobierno de Zacatecas y migrantes rehabilitan cancha en La Blanca, Sombrerete\">\n\t\t\t\t\t\t\t\t\t<img decoding=\"async\" width=\"1200\" height=\"800\" src=\"https:\/\/sezami.zacatecas.gob.mx\/wp-content\/uploads\/2026\/04\/WhatsApp-Image-2026-04-23-at-9.25.27-AM-2.jpeg\" alt=\"\" class=\"wp-image-20464\" role=\"presentation\" srcset=\"https:\/\/sezami.zacatecas.gob.mx\/wp-content\/uploads\/2026\/04\/WhatsApp-Image-2026-04-23-at-9.25.27-AM-2-200x133.jpeg 200w, https:\/\/sezami.zacatecas.gob.mx\/wp-content\/uploads\/2026\/04\/WhatsApp-Image-2026-04-23-at-9.25.27-AM-2-400x267.jpeg 400w, https:\/\/sezami.zacatecas.gob.mx\/wp-content\/uploads\/2026\/04\/WhatsApp-Image-2026-04-23-at-9.25.27-AM-2-600x400.jpeg 600w, https:\/\/sezami.zacatecas.gob.mx\/wp-content\/uploads\/2026\/04\/WhatsApp-Image-2026-04-23-at-9.25.27-AM-2-800x533.jpeg 800w, https:\/\/sezami.zacatecas.gob.mx\/wp-content\/uploads\/2026\/04\/WhatsApp-Image-2026-04-23-at-9.25.27-AM-2.jpeg 1200w\" sizes=\"(min-width: 2200px) 100vw, (min-width: 712px) 560px, (min-width: 640px) 712px, \" \/>\t\t\t\t\t\t\t\t<\/a>\n\t\t\t\t\t\t\t\t<a style=\"display:none;\" href=\"https:\/\/sezami.zacatecas.gob.mx\/wp-content\/uploads\/2026\/04\/WhatsApp-Image-2026-04-23-at-9.25.27-AM-2.jpeg\" data-rel=\"iLightbox[gallery20461]\"  title=\"\" data-title=\"WhatsApp Image 2026-04-23 at 9.25.27 AM (2)\" data-caption=\"\">\n\t\t\t\t\t\t\t\t\t\t\t\t\t\t\t\t\t<\/a>\n\t\t\t\t\t\t\t<\/div>\n\t\t\t\t\t\t<\/li>\n\t\t\t\t\t\t\t\t\t\t\t\t\t\t\t\t\t\t\t\t\t\t\t\t\n\t\t\t\t\t\n\t\t\t\t\t\t\t\t\t\t\t<li>\n\t\t\t\t\t\t\t<div class=\"fusion-image-wrapper\">\n\t\t\t\t\t\t\t\t<a href=\"https:\/\/sezami.zacatecas.gob.mx\/?p=20461\" aria-label=\"Gobierno de Zacatecas y migrantes rehabilitan cancha en La Blanca, Sombrerete\">\n\t\t\t\t\t\t\t\t\t<img decoding=\"async\" width=\"1200\" height=\"800\" src=\"https:\/\/sezami.zacatecas.gob.mx\/wp-content\/uploads\/2026\/04\/WhatsApp-Image-2026-04-23-at-9.25.26-AM.jpeg\" alt=\"\" class=\"wp-image-20462\" role=\"presentation\" srcset=\"https:\/\/sezami.zacatecas.gob.mx\/wp-content\/uploads\/2026\/04\/WhatsApp-Image-2026-04-23-at-9.25.26-AM-200x133.jpeg 200w, https:\/\/sezami.zacatecas.gob.mx\/wp-content\/uploads\/2026\/04\/WhatsApp-Image-2026-04-23-at-9.25.26-AM-400x267.jpeg 400w, https:\/\/sezami.zacatecas.gob.mx\/wp-content\/uploads\/2026\/04\/WhatsApp-Image-2026-04-23-at-9.25.26-AM-600x400.jpeg 600w, https:\/\/sezami.zacatecas.gob.mx\/wp-content\/uploads\/2026\/04\/WhatsApp-Image-2026-04-23-at-9.25.26-AM-800x533.jpeg 800w, https:\/\/sezami.zacatecas.gob.mx\/wp-content\/uploads\/2026\/04\/WhatsApp-Image-2026-04-23-at-9.25.26-AM.jpeg 1200w\" sizes=\"(min-width: 2200px) 100vw, (min-width: 712px) 560px, (min-width: 640px) 712px, \" \/>\t\t\t\t\t\t\t\t<\/a>\n\t\t\t\t\t\t\t\t<a style=\"display:none;\" href=\"https:\/\/sezami.zacatecas.gob.mx\/wp-content\/uploads\/2026\/04\/WhatsApp-Image-2026-04-23-at-9.25.26-AM.jpeg\" data-rel=\"iLightbox[gallery20461]\"  title=\"\" data-title=\"WhatsApp Image 2026-04-23 at 9.25.26 AM\" data-caption=\"\">\n\t\t\t\t\t\t\t\t\t\t\t\t\t\t\t\t\t<\/a>\n\t\t\t\t\t\t\t<\/div>\n\t\t\t\t\t\t<\/li>\n\t\t\t\t\t\t\t\t\t\t\t\t\t\t\t\t\t\t\t\t\t\t\t\t\t\t\t\t\t\t\t\t\t\t\t\t\t\t\t\t\t\t\t\t\t\t\t\t\t\t\t\t\t\t\t\t\t\t\t\t\t\t\t\t\t\t\t\t\t\t\t\t\t\t\t\t\t\t\t\t\t\t\t\t\t\t\t\t\t\t\t\t\t\t\t\t\t\t\t\t\t\t\t\t\t\t\t\t\t\t\t<\/ul>\n\t<\/div>\n\t<div class=\"fusion-post-content-wrapper\" style=\"padding:30px 25px 25px 25px;\"><div class=\"fusion-post-content post-content\"><h2 class=\"blog-shortcode-post-title entry-title\"><a href=\"https:\/\/sezami.zacatecas.gob.mx\/?p=20461\">Gobierno de Zacatecas y migrantes rehabilitan cancha en La Blanca, Sombrerete<\/a><\/h2><div class=\"fusion-post-content-container\"><p>\u25aa\ufe0f Como parte de las acciones de la Jornada Nacional Tequios para las juventudes \u25aa\ufe0f Actividades que buscan involucrarles de manera sana [...]<\/p><\/div><\/div><\/div><div class=\"fusion-clearfix\"><\/div><\/div>\n<\/article>\n<article id=\"blog-1-post-20452\" class=\"fusion-post-grid post-20452 post type-post status-publish format-standard has-post-thumbnail hentry category-noticias\">\n<div class=\"fusion-post-wrapper\" style=\"background-color:rgba(255,255,255,0);border:1px solid var(--awb-color2);border-bottom-width:3px;\">\n\n\t\t\t<div class=\"fusion-flexslider flexslider fusion-flexslider-loading fusion-post-slideshow\" style=\"border-color:var(--awb-color2);\">\n\t\t<ul class=\"slides\">\n\t\t\t\n\t\t\t\t\t\t\t\t\t\t\t\t\t\t<li><div  class=\"fusion-image-wrapper\" aria-haspopup=\"true\">\n\t\t\t\t<img width=\"1600\" height=\"1067\" src=\"https:\/\/sezami.zacatecas.gob.mx\/wp-content\/uploads\/2026\/04\/WhatsApp-Image-2026-04-16-at-9.39.22-AM.jpeg\" class=\"attachment-full size-full wp-post-image\" alt=\"\" decoding=\"async\" loading=\"lazy\" srcset=\"https:\/\/sezami.zacatecas.gob.mx\/wp-content\/uploads\/2026\/04\/WhatsApp-Image-2026-04-16-at-9.39.22-AM-200x133.jpeg 200w, https:\/\/sezami.zacatecas.gob.mx\/wp-content\/uploads\/2026\/04\/WhatsApp-Image-2026-04-16-at-9.39.22-AM-400x267.jpeg 400w, https:\/\/sezami.zacatecas.gob.mx\/wp-content\/uploads\/2026\/04\/WhatsApp-Image-2026-04-16-at-9.39.22-AM-600x400.jpeg 600w, https:\/\/sezami.zacatecas.gob.mx\/wp-content\/uploads\/2026\/04\/WhatsApp-Image-2026-04-16-at-9.39.22-AM-800x534.jpeg 800w, https:\/\/sezami.zacatecas.gob.mx\/wp-content\/uploads\/2026\/04\/WhatsApp-Image-2026-04-16-at-9.39.22-AM-1200x800.jpeg 1200w, https:\/\/sezami.zacatecas.gob.mx\/wp-content\/uploads\/2026\/04\/WhatsApp-Image-2026-04-16-at-9.39.22-AM.jpeg 1600w\" sizes=\"(min-width: 2200px) 100vw, (min-width: 712px) 560px, (min-width: 640px) 712px, \" \/><div class=\"fusion-rollover\">\n\t<div class=\"fusion-rollover-content\">\n\n\t\t\t\t\t\t\t\t\t\t\t\t\t\t<a class=\"fusion-rollover-link\" href=\"https:\/\/sezami.zacatecas.gob.mx\/?p=20452\">Fortalece Gobernador David Monreal lazos de cooperaci\u00f3n bilateral con autoridades estadounidenses<\/a>\n\t\t\t\n\t\t\t\t\t\t\t\t\t\t\t\t\t\t\n\t\t\t\t\t\t\t\t\n\t\t\t\t\t\t\t\t\t\t\t\t\t<div class=\"fusion-rollover-sep\"><\/div>\n\t\t\t\t\n\t\t\t\t\t\t\t\t\t\t\t\t\t\t\t\t\t\t<a class=\"fusion-rollover-gallery\" href=\"https:\/\/sezami.zacatecas.gob.mx\/wp-content\/uploads\/2026\/04\/WhatsApp-Image-2026-04-16-at-9.39.22-AM.jpeg\" data-id=\"20452\" data-rel=\"iLightbox[gallery]\" data-title=\"WhatsApp Image 2026-04-16 at 9.39.22 AM\" data-caption=\"\">\n\t\t\t\t\t\tGallery\t\t\t\t\t<\/a>\n\t\t\t\t\t\t\t\t\t\t\t\t\t\t\n\t\t\n\t\t\t\t\t\t\t\t\t\t\t\t<h4 class=\"fusion-rollover-title\">\n\t\t\t\t\t<a class=\"fusion-rollover-title-link\" href=\"https:\/\/sezami.zacatecas.gob.mx\/?p=20452\">\n\t\t\t\t\t\tFortalece Gobernador David Monreal lazos de cooperaci\u00f3n bilateral con autoridades estadounidenses\t\t\t\t\t<\/a>\n\t\t\t\t<\/h4>\n\t\t\t\n\t\t\t\t\t\t\t\t\t\t<div class=\"fusion-rollover-categories\"><a href=\"https:\/\/sezami.zacatecas.gob.mx\/?cat=151\" rel=\"tag\">Noticias<\/a><\/div>\t\t\t\t\t\n\t\t\n\t\t\t\t\t\t<a class=\"fusion-link-wrapper\" href=\"https:\/\/sezami.zacatecas.gob.mx\/?p=20452\" aria-label=\"Fortalece Gobernador David Monreal lazos de cooperaci\u00f3n bilateral con autoridades estadounidenses\"><\/a>\n\t<\/div>\n<\/div>\n<\/div>\n<\/li>\n\t\t\t\n\t\t\t\n\t\t\t\t\t\t\t\t\t\t\t\n\t\t\t\t\t\n\t\t\t\t\t\t\t\t\t\t\t<li>\n\t\t\t\t\t\t\t<div class=\"fusion-image-wrapper\">\n\t\t\t\t\t\t\t\t<a href=\"https:\/\/sezami.zacatecas.gob.mx\/?p=20452\" aria-label=\"Fortalece Gobernador David Monreal lazos de cooperaci\u00f3n bilateral con autoridades estadounidenses\">\n\t\t\t\t\t\t\t\t\t<img decoding=\"async\" width=\"1600\" height=\"1067\" src=\"https:\/\/sezami.zacatecas.gob.mx\/wp-content\/uploads\/2026\/04\/WhatsApp-Image-2026-04-16-at-9.38.28-AM.jpeg\" alt=\"\" class=\"wp-image-20453\" role=\"presentation\" srcset=\"https:\/\/sezami.zacatecas.gob.mx\/wp-content\/uploads\/2026\/04\/WhatsApp-Image-2026-04-16-at-9.38.28-AM-200x133.jpeg 200w, https:\/\/sezami.zacatecas.gob.mx\/wp-content\/uploads\/2026\/04\/WhatsApp-Image-2026-04-16-at-9.38.28-AM-400x267.jpeg 400w, https:\/\/sezami.zacatecas.gob.mx\/wp-content\/uploads\/2026\/04\/WhatsApp-Image-2026-04-16-at-9.38.28-AM-600x400.jpeg 600w, https:\/\/sezami.zacatecas.gob.mx\/wp-content\/uploads\/2026\/04\/WhatsApp-Image-2026-04-16-at-9.38.28-AM-800x534.jpeg 800w, https:\/\/sezami.zacatecas.gob.mx\/wp-content\/uploads\/2026\/04\/WhatsApp-Image-2026-04-16-at-9.38.28-AM-1200x800.jpeg 1200w, https:\/\/sezami.zacatecas.gob.mx\/wp-content\/uploads\/2026\/04\/WhatsApp-Image-2026-04-16-at-9.38.28-AM.jpeg 1600w\" sizes=\"(min-width: 2200px) 100vw, (min-width: 712px) 560px, (min-width: 640px) 712px, \" \/>\t\t\t\t\t\t\t\t<\/a>\n\t\t\t\t\t\t\t\t<a style=\"display:none;\" href=\"https:\/\/sezami.zacatecas.gob.mx\/wp-content\/uploads\/2026\/04\/WhatsApp-Image-2026-04-16-at-9.38.28-AM.jpeg\" data-rel=\"iLightbox[gallery20452]\"  title=\"\" data-title=\"WhatsApp Image 2026-04-16 at 9.38.28 AM\" data-caption=\"\">\n\t\t\t\t\t\t\t\t\t\t\t\t\t\t\t\t\t<\/a>\n\t\t\t\t\t\t\t<\/div>\n\t\t\t\t\t\t<\/li>\n\t\t\t\t\t\t\t\t\t\t\t\t\t\t\t\t\t\t\t\t\t\t\t\t\n\t\t\t\t\t\n\t\t\t\t\t\t\t\t\t\t\t<li>\n\t\t\t\t\t\t\t<div class=\"fusion-image-wrapper\">\n\t\t\t\t\t\t\t\t<a href=\"https:\/\/sezami.zacatecas.gob.mx\/?p=20452\" aria-label=\"Fortalece Gobernador David Monreal lazos de cooperaci\u00f3n bilateral con autoridades estadounidenses\">\n\t\t\t\t\t\t\t\t\t<img decoding=\"async\" width=\"1280\" height=\"853\" src=\"https:\/\/sezami.zacatecas.gob.mx\/wp-content\/uploads\/2026\/04\/WhatsApp-Image-2026-04-16-at-9.42.23-AM.jpeg\" alt=\"\" class=\"wp-image-20455\" role=\"presentation\" srcset=\"https:\/\/sezami.zacatecas.gob.mx\/wp-content\/uploads\/2026\/04\/WhatsApp-Image-2026-04-16-at-9.42.23-AM-200x133.jpeg 200w, https:\/\/sezami.zacatecas.gob.mx\/wp-content\/uploads\/2026\/04\/WhatsApp-Image-2026-04-16-at-9.42.23-AM-400x267.jpeg 400w, https:\/\/sezami.zacatecas.gob.mx\/wp-content\/uploads\/2026\/04\/WhatsApp-Image-2026-04-16-at-9.42.23-AM-600x400.jpeg 600w, https:\/\/sezami.zacatecas.gob.mx\/wp-content\/uploads\/2026\/04\/WhatsApp-Image-2026-04-16-at-9.42.23-AM-800x533.jpeg 800w, https:\/\/sezami.zacatecas.gob.mx\/wp-content\/uploads\/2026\/04\/WhatsApp-Image-2026-04-16-at-9.42.23-AM-1200x800.jpeg 1200w, https:\/\/sezami.zacatecas.gob.mx\/wp-content\/uploads\/2026\/04\/WhatsApp-Image-2026-04-16-at-9.42.23-AM.jpeg 1280w\" sizes=\"(min-width: 2200px) 100vw, (min-width: 712px) 560px, (min-width: 640px) 712px, \" \/>\t\t\t\t\t\t\t\t<\/a>\n\t\t\t\t\t\t\t\t<a style=\"display:none;\" href=\"https:\/\/sezami.zacatecas.gob.mx\/wp-content\/uploads\/2026\/04\/WhatsApp-Image-2026-04-16-at-9.42.23-AM.jpeg\" data-rel=\"iLightbox[gallery20452]\"  title=\"\" data-title=\"WhatsApp Image 2026-04-16 at 9.42.23 AM\" data-caption=\"\">\n\t\t\t\t\t\t\t\t\t\t\t\t\t\t\t\t\t<\/a>\n\t\t\t\t\t\t\t<\/div>\n\t\t\t\t\t\t<\/li>\n\t\t\t\t\t\t\t\t\t\t\t\t\t\t\t\t\t\t\t\t\t\t\t\t\n\t\t\t\t\t\n\t\t\t\t\t\t\t\t\t\t\t<li>\n\t\t\t\t\t\t\t<div class=\"fusion-image-wrapper\">\n\t\t\t\t\t\t\t\t<a href=\"https:\/\/sezami.zacatecas.gob.mx\/?p=20452\" aria-label=\"Fortalece Gobernador David Monreal lazos de cooperaci\u00f3n bilateral con autoridades estadounidenses\">\n\t\t\t\t\t\t\t\t\t<img decoding=\"async\" width=\"1462\" height=\"1600\" src=\"https:\/\/sezami.zacatecas.gob.mx\/wp-content\/uploads\/2026\/04\/WhatsApp-Image-2026-04-16-at-9.42.52-AM.jpeg\" alt=\"\" class=\"wp-image-20456\" role=\"presentation\" srcset=\"https:\/\/sezami.zacatecas.gob.mx\/wp-content\/uploads\/2026\/04\/WhatsApp-Image-2026-04-16-at-9.42.52-AM-200x219.jpeg 200w, https:\/\/sezami.zacatecas.gob.mx\/wp-content\/uploads\/2026\/04\/WhatsApp-Image-2026-04-16-at-9.42.52-AM-400x438.jpeg 400w, https:\/\/sezami.zacatecas.gob.mx\/wp-content\/uploads\/2026\/04\/WhatsApp-Image-2026-04-16-at-9.42.52-AM-600x657.jpeg 600w, https:\/\/sezami.zacatecas.gob.mx\/wp-content\/uploads\/2026\/04\/WhatsApp-Image-2026-04-16-at-9.42.52-AM-800x876.jpeg 800w, https:\/\/sezami.zacatecas.gob.mx\/wp-content\/uploads\/2026\/04\/WhatsApp-Image-2026-04-16-at-9.42.52-AM-1200x1313.jpeg 1200w, https:\/\/sezami.zacatecas.gob.mx\/wp-content\/uploads\/2026\/04\/WhatsApp-Image-2026-04-16-at-9.42.52-AM.jpeg 1462w\" sizes=\"(min-width: 2200px) 100vw, (min-width: 712px) 560px, (min-width: 640px) 712px, \" \/>\t\t\t\t\t\t\t\t<\/a>\n\t\t\t\t\t\t\t\t<a style=\"display:none;\" href=\"https:\/\/sezami.zacatecas.gob.mx\/wp-content\/uploads\/2026\/04\/WhatsApp-Image-2026-04-16-at-9.42.52-AM.jpeg\" data-rel=\"iLightbox[gallery20452]\"  title=\"\" data-title=\"WhatsApp Image 2026-04-16 at 9.42.52 AM\" data-caption=\"\">\n\t\t\t\t\t\t\t\t\t\t\t\t\t\t\t\t\t<\/a>\n\t\t\t\t\t\t\t<\/div>\n\t\t\t\t\t\t<\/li>\n\t\t\t\t\t\t\t\t\t\t\t\t\t\t\t\t\t\t\t\t\t\t\t\t\t\t\t\t\t\t\t\t\t\t\t\t\t\t\t\t\t\t\t\t\t\t\t\t\t\t\t\t\t\t\t\t\t\t\t\t\t\t\t\t\t\t\t\t\t\t\t\t\t\t\t\t\t\t\t\t\t\t\t\t\t\t\t\t\t\t\t\t\t\t\t\t\t\t\t\t\t\t\t\t\t\t\t\t\t\t\t<\/ul>\n\t<\/div>\n\t<div class=\"fusion-post-content-wrapper\" style=\"padding:30px 25px 25px 25px;\"><div class=\"fusion-post-content post-content\"><h2 class=\"blog-shortcode-post-title entry-title\"><a href=\"https:\/\/sezami.zacatecas.gob.mx\/?p=20452\">Fortalece Gobernador David Monreal lazos de cooperaci\u00f3n bilateral con autoridades estadounidenses<\/a><\/h2><div class=\"fusion-post-content-container\"><p>\u25aa La C\u00f3nsul General de Estados Unidos en Monterrey, Melissa A. Bishop, conoce modelo de seguridad zacatecano, que ya se replica en [...]<\/p><\/div><\/div><\/div><div class=\"fusion-clearfix\"><\/div><\/div>\n<\/article>\n<article id=\"blog-1-post-20449\" class=\"fusion-post-grid post-20449 post type-post status-publish format-standard has-post-thumbnail hentry category-noticias\">\n<div class=\"fusion-post-wrapper\" style=\"background-color:rgba(255,255,255,0);border:1px solid var(--awb-color2);border-bottom-width:3px;\">\n\n\t\t\t<div class=\"fusion-flexslider flexslider fusion-flexslider-loading fusion-post-slideshow\" style=\"border-color:var(--awb-color2);\">\n\t\t<ul class=\"slides\">\n\t\t\t\n\t\t\t\t\t\t\t\t\t\t\t\t\t\t<li><div  class=\"fusion-image-wrapper\" aria-haspopup=\"true\">\n\t\t\t\t<img width=\"1600\" height=\"1034\" src=\"https:\/\/sezami.zacatecas.gob.mx\/wp-content\/uploads\/2026\/04\/WhatsApp-Image-2026-04-08-at-3.18.53-PM.jpeg\" class=\"attachment-full size-full wp-post-image\" alt=\"\" decoding=\"async\" loading=\"lazy\" srcset=\"https:\/\/sezami.zacatecas.gob.mx\/wp-content\/uploads\/2026\/04\/WhatsApp-Image-2026-04-08-at-3.18.53-PM-200x129.jpeg 200w, https:\/\/sezami.zacatecas.gob.mx\/wp-content\/uploads\/2026\/04\/WhatsApp-Image-2026-04-08-at-3.18.53-PM-400x259.jpeg 400w, https:\/\/sezami.zacatecas.gob.mx\/wp-content\/uploads\/2026\/04\/WhatsApp-Image-2026-04-08-at-3.18.53-PM-600x388.jpeg 600w, https:\/\/sezami.zacatecas.gob.mx\/wp-content\/uploads\/2026\/04\/WhatsApp-Image-2026-04-08-at-3.18.53-PM-800x517.jpeg 800w, https:\/\/sezami.zacatecas.gob.mx\/wp-content\/uploads\/2026\/04\/WhatsApp-Image-2026-04-08-at-3.18.53-PM-1200x776.jpeg 1200w, https:\/\/sezami.zacatecas.gob.mx\/wp-content\/uploads\/2026\/04\/WhatsApp-Image-2026-04-08-at-3.18.53-PM.jpeg 1600w\" sizes=\"(min-width: 2200px) 100vw, (min-width: 712px) 560px, (min-width: 640px) 712px, \" \/><div class=\"fusion-rollover\">\n\t<div class=\"fusion-rollover-content\">\n\n\t\t\t\t\t\t\t\t\t\t\t\t\t\t<a class=\"fusion-rollover-link\" href=\"https:\/\/sezami.zacatecas.gob.mx\/?p=20449\">Con fortalecimiento agropecuario, apoya administraci\u00f3n estatal progreso de la comunidad zacatecana migrante.<\/a>\n\t\t\t\n\t\t\t\t\t\t\t\t\t\t\t\t\t\t\n\t\t\t\t\t\t\t\t\n\t\t\t\t\t\t\t\t\t\t\t\t\t<div class=\"fusion-rollover-sep\"><\/div>\n\t\t\t\t\n\t\t\t\t\t\t\t\t\t\t\t\t\t\t\t\t\t\t<a class=\"fusion-rollover-gallery\" href=\"https:\/\/sezami.zacatecas.gob.mx\/wp-content\/uploads\/2026\/04\/WhatsApp-Image-2026-04-08-at-3.18.53-PM.jpeg\" data-id=\"20449\" data-rel=\"iLightbox[gallery]\" data-title=\"WhatsApp Image 2026-04-08 at 3.18.53 PM\" data-caption=\"\">\n\t\t\t\t\t\tGallery\t\t\t\t\t<\/a>\n\t\t\t\t\t\t\t\t\t\t\t\t\t\t\n\t\t\n\t\t\t\t\t\t\t\t\t\t\t\t<h4 class=\"fusion-rollover-title\">\n\t\t\t\t\t<a class=\"fusion-rollover-title-link\" href=\"https:\/\/sezami.zacatecas.gob.mx\/?p=20449\">\n\t\t\t\t\t\tCon fortalecimiento agropecuario, apoya administraci\u00f3n estatal progreso de la comunidad zacatecana migrante.\t\t\t\t\t<\/a>\n\t\t\t\t<\/h4>\n\t\t\t\n\t\t\t\t\t\t\t\t\t\t<div class=\"fusion-rollover-categories\"><a href=\"https:\/\/sezami.zacatecas.gob.mx\/?cat=151\" rel=\"tag\">Noticias<\/a><\/div>\t\t\t\t\t\n\t\t\n\t\t\t\t\t\t<a class=\"fusion-link-wrapper\" href=\"https:\/\/sezami.zacatecas.gob.mx\/?p=20449\" aria-label=\"Con fortalecimiento agropecuario, apoya administraci\u00f3n estatal progreso de la comunidad zacatecana migrante.\"><\/a>\n\t<\/div>\n<\/div>\n<\/div>\n<\/li>\n\t\t\t\n\t\t\t\n\t\t\t\t\t\t\t\t\t\t\t\t\t\t\t\t\t\t\t\t\t\t\t\t\t\t\t\t\t\t\t\t\t\t\t\t\t\t\t\t\t\t\t\t\t\t\t\t\t\t\t\t\t\t\t\t\t\t\t\t\t\t\t\t\t\t\t\t\t\t\t\t\t\t\t\t\t\t\t\t\t\t\t\t\t\t\t\t\t\t\t\t\t\t\t\t\t\t\t\t\t\t\t\t\t\t\t\t\t\t\t\t\t\t\t\t\t\t\t\t\t\t\t\t\t\t\t\t\t\t\t\t\t\t\t\t\t\t\t\t\t\t\t<\/ul>\n\t<\/div>\n\t<div class=\"fusion-post-content-wrapper\" style=\"padding:30px 25px 25px 25px;\"><div class=\"fusion-post-content post-content\"><h2 class=\"blog-shortcode-post-title entry-title\"><a href=\"https:\/\/sezami.zacatecas.gob.mx\/?p=20449\">Con fortalecimiento agropecuario, apoya administraci\u00f3n estatal progreso de la comunidad zacatecana migrante.<\/a><\/h2><div class=\"fusion-post-content-container\"><p>Zacatecas, Zac., 8 de abril de 2026.- El Gobierno del Estado, que encabeza el mandatario David Monreal \u00c1vila, a trav\u00e9s de las [...]<\/p><\/div><\/div><\/div><div class=\"fusion-clearfix\"><\/div><\/div>\n<\/article>\n<article id=\"blog-1-post-20437\" class=\"fusion-post-grid post-20437 post type-post status-publish format-standard has-post-thumbnail hentry category-noticias\">\n<div class=\"fusion-post-wrapper\" style=\"background-color:rgba(255,255,255,0);border:1px solid var(--awb-color2);border-bottom-width:3px;\">\n\n\t\t\t<div class=\"fusion-flexslider flexslider fusion-flexslider-loading fusion-post-slideshow\" style=\"border-color:var(--awb-color2);\">\n\t\t<ul class=\"slides\">\n\t\t\t\n\t\t\t\t\t\t\t\t\t\t\t\t\t\t<li><div  class=\"fusion-image-wrapper\" aria-haspopup=\"true\">\n\t\t\t\t<img width=\"2048\" height=\"1365\" src=\"https:\/\/sezami.zacatecas.gob.mx\/wp-content\/uploads\/2026\/03\/IMG-20260330-WA0018.jpg\" class=\"attachment-full size-full wp-post-image\" alt=\"\" decoding=\"async\" loading=\"lazy\" srcset=\"https:\/\/sezami.zacatecas.gob.mx\/wp-content\/uploads\/2026\/03\/IMG-20260330-WA0018-200x133.jpg 200w, https:\/\/sezami.zacatecas.gob.mx\/wp-content\/uploads\/2026\/03\/IMG-20260330-WA0018-400x267.jpg 400w, https:\/\/sezami.zacatecas.gob.mx\/wp-content\/uploads\/2026\/03\/IMG-20260330-WA0018-600x400.jpg 600w, https:\/\/sezami.zacatecas.gob.mx\/wp-content\/uploads\/2026\/03\/IMG-20260330-WA0018-800x533.jpg 800w, https:\/\/sezami.zacatecas.gob.mx\/wp-content\/uploads\/2026\/03\/IMG-20260330-WA0018-1200x800.jpg 1200w, https:\/\/sezami.zacatecas.gob.mx\/wp-content\/uploads\/2026\/03\/IMG-20260330-WA0018.jpg 2048w\" sizes=\"(min-width: 2200px) 100vw, (min-width: 712px) 560px, (min-width: 640px) 712px, \" \/><div class=\"fusion-rollover\">\n\t<div class=\"fusion-rollover-content\">\n\n\t\t\t\t\t\t\t\t\t\t\t\t\t\t<a class=\"fusion-rollover-link\" href=\"https:\/\/sezami.zacatecas.gob.mx\/?p=20437\">Entregan Gobierno de Zacatecas, Ayuntamiento y migrantes, obras del Programa 2&#215;1 para el progreso de R\u00edo Grande<\/a>\n\t\t\t\n\t\t\t\t\t\t\t\t\t\t\t\t\t\t\n\t\t\t\t\t\t\t\t\n\t\t\t\t\t\t\t\t\t\t\t\t\t<div class=\"fusion-rollover-sep\"><\/div>\n\t\t\t\t\n\t\t\t\t\t\t\t\t\t\t\t\t\t\t\t\t\t\t<a class=\"fusion-rollover-gallery\" href=\"https:\/\/sezami.zacatecas.gob.mx\/wp-content\/uploads\/2026\/03\/IMG-20260330-WA0018.jpg\" data-id=\"20437\" data-rel=\"iLightbox[gallery]\" data-title=\"IMG-20260330-WA0018\" data-caption=\"\">\n\t\t\t\t\t\tGallery\t\t\t\t\t<\/a>\n\t\t\t\t\t\t\t\t\t\t\t\t\t\t\n\t\t\n\t\t\t\t\t\t\t\t\t\t\t\t<h4 class=\"fusion-rollover-title\">\n\t\t\t\t\t<a class=\"fusion-rollover-title-link\" href=\"https:\/\/sezami.zacatecas.gob.mx\/?p=20437\">\n\t\t\t\t\t\tEntregan Gobierno de Zacatecas, Ayuntamiento y migrantes, obras del Programa 2&#215;1 para el progreso de R\u00edo Grande\t\t\t\t\t<\/a>\n\t\t\t\t<\/h4>\n\t\t\t\n\t\t\t\t\t\t\t\t\t\t<div class=\"fusion-rollover-categories\"><a href=\"https:\/\/sezami.zacatecas.gob.mx\/?cat=151\" rel=\"tag\">Noticias<\/a><\/div>\t\t\t\t\t\n\t\t\n\t\t\t\t\t\t<a class=\"fusion-link-wrapper\" href=\"https:\/\/sezami.zacatecas.gob.mx\/?p=20437\" aria-label=\"Entregan Gobierno de Zacatecas, Ayuntamiento y migrantes, obras del Programa 2&#215;1 para el progreso de R\u00edo Grande\"><\/a>\n\t<\/div>\n<\/div>\n<\/div>\n<\/li>\n\t\t\t\n\t\t\t\n\t\t\t\t\t\t\t\t\t\t\t\n\t\t\t\t\t\n\t\t\t\t\t\t\t\t\t\t\t<li>\n\t\t\t\t\t\t\t<div class=\"fusion-image-wrapper\">\n\t\t\t\t\t\t\t\t<a href=\"https:\/\/sezami.zacatecas.gob.mx\/?p=20437\" aria-label=\"Entregan Gobierno de Zacatecas, Ayuntamiento y migrantes, obras del Programa 2&#215;1 para el progreso de R\u00edo Grande\">\n\t\t\t\t\t\t\t\t\t<img decoding=\"async\" width=\"1280\" height=\"853\" src=\"https:\/\/sezami.zacatecas.gob.mx\/wp-content\/uploads\/2026\/03\/IMG-20260330-WA0019.jpg\" alt=\"\" class=\"wp-image-20440\" role=\"presentation\" srcset=\"https:\/\/sezami.zacatecas.gob.mx\/wp-content\/uploads\/2026\/03\/IMG-20260330-WA0019-200x133.jpg 200w, https:\/\/sezami.zacatecas.gob.mx\/wp-content\/uploads\/2026\/03\/IMG-20260330-WA0019-400x267.jpg 400w, https:\/\/sezami.zacatecas.gob.mx\/wp-content\/uploads\/2026\/03\/IMG-20260330-WA0019-600x400.jpg 600w, https:\/\/sezami.zacatecas.gob.mx\/wp-content\/uploads\/2026\/03\/IMG-20260330-WA0019-800x533.jpg 800w, https:\/\/sezami.zacatecas.gob.mx\/wp-content\/uploads\/2026\/03\/IMG-20260330-WA0019-1200x800.jpg 1200w, https:\/\/sezami.zacatecas.gob.mx\/wp-content\/uploads\/2026\/03\/IMG-20260330-WA0019.jpg 1280w\" sizes=\"(min-width: 2200px) 100vw, (min-width: 712px) 560px, (min-width: 640px) 712px, \" \/>\t\t\t\t\t\t\t\t<\/a>\n\t\t\t\t\t\t\t\t<a style=\"display:none;\" href=\"https:\/\/sezami.zacatecas.gob.mx\/wp-content\/uploads\/2026\/03\/IMG-20260330-WA0019.jpg\" data-rel=\"iLightbox[gallery20437]\"  title=\"\" data-title=\"IMG-20260330-WA0019\" data-caption=\"\">\n\t\t\t\t\t\t\t\t\t\t\t\t\t\t\t\t\t<\/a>\n\t\t\t\t\t\t\t<\/div>\n\t\t\t\t\t\t<\/li>\n\t\t\t\t\t\t\t\t\t\t\t\t\t\t\t\t\t\t\t\t\t\t\t\t\n\t\t\t\t\t\n\t\t\t\t\t\t\t\t\t\t\t<li>\n\t\t\t\t\t\t\t<div class=\"fusion-image-wrapper\">\n\t\t\t\t\t\t\t\t<a href=\"https:\/\/sezami.zacatecas.gob.mx\/?p=20437\" aria-label=\"Entregan Gobierno de Zacatecas, Ayuntamiento y migrantes, obras del Programa 2&#215;1 para el progreso de R\u00edo Grande\">\n\t\t\t\t\t\t\t\t\t<img decoding=\"async\" width=\"1600\" height=\"1200\" src=\"https:\/\/sezami.zacatecas.gob.mx\/wp-content\/uploads\/2026\/03\/IMG-20260330-WA0021.jpg\" alt=\"\" class=\"wp-image-20439\" role=\"presentation\" srcset=\"https:\/\/sezami.zacatecas.gob.mx\/wp-content\/uploads\/2026\/03\/IMG-20260330-WA0021-200x150.jpg 200w, https:\/\/sezami.zacatecas.gob.mx\/wp-content\/uploads\/2026\/03\/IMG-20260330-WA0021-400x300.jpg 400w, https:\/\/sezami.zacatecas.gob.mx\/wp-content\/uploads\/2026\/03\/IMG-20260330-WA0021-600x450.jpg 600w, https:\/\/sezami.zacatecas.gob.mx\/wp-content\/uploads\/2026\/03\/IMG-20260330-WA0021-800x600.jpg 800w, https:\/\/sezami.zacatecas.gob.mx\/wp-content\/uploads\/2026\/03\/IMG-20260330-WA0021-1200x900.jpg 1200w, https:\/\/sezami.zacatecas.gob.mx\/wp-content\/uploads\/2026\/03\/IMG-20260330-WA0021.jpg 1600w\" sizes=\"(min-width: 2200px) 100vw, (min-width: 712px) 560px, (min-width: 640px) 712px, \" \/>\t\t\t\t\t\t\t\t<\/a>\n\t\t\t\t\t\t\t\t<a style=\"display:none;\" href=\"https:\/\/sezami.zacatecas.gob.mx\/wp-content\/uploads\/2026\/03\/IMG-20260330-WA0021.jpg\" data-rel=\"iLightbox[gallery20437]\"  title=\"\" data-title=\"IMG-20260330-WA0021\" data-caption=\"\">\n\t\t\t\t\t\t\t\t\t\t\t\t\t\t\t\t\t<\/a>\n\t\t\t\t\t\t\t<\/div>\n\t\t\t\t\t\t<\/li>\n\t\t\t\t\t\t\t\t\t\t\t\t\t\t\t\t\t\t\t\t\t\t\t\t\n\t\t\t\t\t\n\t\t\t\t\t\t\t\t\t\t\t<li>\n\t\t\t\t\t\t\t<div class=\"fusion-image-wrapper\">\n\t\t\t\t\t\t\t\t<a href=\"https:\/\/sezami.zacatecas.gob.mx\/?p=20437\" aria-label=\"Entregan Gobierno de Zacatecas, Ayuntamiento y migrantes, obras del Programa 2&#215;1 para el progreso de R\u00edo Grande\">\n\t\t\t\t\t\t\t\t\t<img decoding=\"async\" width=\"1600\" height=\"979\" src=\"https:\/\/sezami.zacatecas.gob.mx\/wp-content\/uploads\/2026\/03\/IMG-20260330-WA0022.jpg\" alt=\"\" class=\"wp-image-20438\" role=\"presentation\" srcset=\"https:\/\/sezami.zacatecas.gob.mx\/wp-content\/uploads\/2026\/03\/IMG-20260330-WA0022-200x122.jpg 200w, https:\/\/sezami.zacatecas.gob.mx\/wp-content\/uploads\/2026\/03\/IMG-20260330-WA0022-400x245.jpg 400w, https:\/\/sezami.zacatecas.gob.mx\/wp-content\/uploads\/2026\/03\/IMG-20260330-WA0022-600x367.jpg 600w, https:\/\/sezami.zacatecas.gob.mx\/wp-content\/uploads\/2026\/03\/IMG-20260330-WA0022-800x490.jpg 800w, https:\/\/sezami.zacatecas.gob.mx\/wp-content\/uploads\/2026\/03\/IMG-20260330-WA0022-1200x734.jpg 1200w, https:\/\/sezami.zacatecas.gob.mx\/wp-content\/uploads\/2026\/03\/IMG-20260330-WA0022.jpg 1600w\" sizes=\"(min-width: 2200px) 100vw, (min-width: 712px) 560px, (min-width: 640px) 712px, \" \/>\t\t\t\t\t\t\t\t<\/a>\n\t\t\t\t\t\t\t\t<a style=\"display:none;\" href=\"https:\/\/sezami.zacatecas.gob.mx\/wp-content\/uploads\/2026\/03\/IMG-20260330-WA0022.jpg\" data-rel=\"iLightbox[gallery20437]\"  title=\"\" data-title=\"IMG-20260330-WA0022\" data-caption=\"\">\n\t\t\t\t\t\t\t\t\t\t\t\t\t\t\t\t\t<\/a>\n\t\t\t\t\t\t\t<\/div>\n\t\t\t\t\t\t<\/li>\n\t\t\t\t\t\t\t\t\t\t\t\t\t\t\t\t\t\t\t\t\t\t\t\t\t\t\t\t\t\t\t\t\t\t\t\t\t\t\t\t\t\t\t\t\t\t\t\t\t\t\t\t\t\t\t\t\t\t\t\t\t\t\t\t\t\t\t\t\t\t\t\t\t\t\t\t\t\t\t\t\t\t\t\t\t\t\t\t\t\t\t\t\t\t\t\t\t\t\t\t\t\t\t\t\t\t\t\t\t\t\t<\/ul>\n\t<\/div>\n\t<div class=\"fusion-post-content-wrapper\" style=\"padding:30px 25px 25px 25px;\"><div class=\"fusion-post-content post-content\"><h2 class=\"blog-shortcode-post-title entry-title\"><a href=\"https:\/\/sezami.zacatecas.gob.mx\/?p=20437\">Entregan Gobierno de Zacatecas, Ayuntamiento y migrantes, obras del Programa 2&#215;1 para el progreso de R\u00edo Grande<\/a><\/h2><div class=\"fusion-post-content-container\"><p>\u25aa\ufe0fM\u00e1s de 8 mdp se invirtieron de manera tripartita en los proyectos \u25aa\ufe0fAutoridades estatales, municipales y zacatecanos migrantes aportan al progreso de [...]<\/p><\/div><\/div><\/div><div class=\"fusion-clearfix\"><\/div><\/div>\n<\/article>\n<article id=\"blog-1-post-20430\" class=\"fusion-post-grid post-20430 post type-post status-publish format-standard has-post-thumbnail hentry category-noticias\">\n<div class=\"fusion-post-wrapper\" style=\"background-color:rgba(255,255,255,0);border:1px solid var(--awb-color2);border-bottom-width:3px;\">\n\n\t\t\t<div class=\"fusion-flexslider flexslider fusion-flexslider-loading fusion-post-slideshow\" style=\"border-color:var(--awb-color2);\">\n\t\t<ul class=\"slides\">\n\t\t\t\n\t\t\t\t\t\t\t\t\t\t\t\t\t\t<li><div  class=\"fusion-image-wrapper\" aria-haspopup=\"true\">\n\t\t\t\t<img width=\"1600\" height=\"1066\" src=\"https:\/\/sezami.zacatecas.gob.mx\/wp-content\/uploads\/2026\/03\/IMG-20260322-WA0017.jpg\" class=\"attachment-full size-full wp-post-image\" alt=\"\" decoding=\"async\" loading=\"lazy\" srcset=\"https:\/\/sezami.zacatecas.gob.mx\/wp-content\/uploads\/2026\/03\/IMG-20260322-WA0017-200x133.jpg 200w, https:\/\/sezami.zacatecas.gob.mx\/wp-content\/uploads\/2026\/03\/IMG-20260322-WA0017-400x267.jpg 400w, https:\/\/sezami.zacatecas.gob.mx\/wp-content\/uploads\/2026\/03\/IMG-20260322-WA0017-600x400.jpg 600w, https:\/\/sezami.zacatecas.gob.mx\/wp-content\/uploads\/2026\/03\/IMG-20260322-WA0017-800x533.jpg 800w, https:\/\/sezami.zacatecas.gob.mx\/wp-content\/uploads\/2026\/03\/IMG-20260322-WA0017-1200x800.jpg 1200w, https:\/\/sezami.zacatecas.gob.mx\/wp-content\/uploads\/2026\/03\/IMG-20260322-WA0017.jpg 1600w\" sizes=\"(min-width: 2200px) 100vw, (min-width: 712px) 560px, (min-width: 640px) 712px, \" \/><div class=\"fusion-rollover\">\n\t<div class=\"fusion-rollover-content\">\n\n\t\t\t\t\t\t\t\t\t\t\t\t\t\t<a class=\"fusion-rollover-link\" href=\"https:\/\/sezami.zacatecas.gob.mx\/?p=20430\">Celebra su Primer Aniversario Federaci\u00f3n Nuestras Ra\u00edces Zacatecanas en Fort Worth, Texa<\/a>\n\t\t\t\n\t\t\t\t\t\t\t\t\t\t\t\t\t\t\n\t\t\t\t\t\t\t\t\n\t\t\t\t\t\t\t\t\t\t\t\t\t<div class=\"fusion-rollover-sep\"><\/div>\n\t\t\t\t\n\t\t\t\t\t\t\t\t\t\t\t\t\t\t\t\t\t\t<a class=\"fusion-rollover-gallery\" href=\"https:\/\/sezami.zacatecas.gob.mx\/wp-content\/uploads\/2026\/03\/IMG-20260322-WA0017.jpg\" data-id=\"20430\" data-rel=\"iLightbox[gallery]\" data-title=\"IMG-20260322-WA0017\" data-caption=\"\">\n\t\t\t\t\t\tGallery\t\t\t\t\t<\/a>\n\t\t\t\t\t\t\t\t\t\t\t\t\t\t\n\t\t\n\t\t\t\t\t\t\t\t\t\t\t\t<h4 class=\"fusion-rollover-title\">\n\t\t\t\t\t<a class=\"fusion-rollover-title-link\" href=\"https:\/\/sezami.zacatecas.gob.mx\/?p=20430\">\n\t\t\t\t\t\tCelebra su Primer Aniversario Federaci\u00f3n Nuestras Ra\u00edces Zacatecanas en Fort Worth, Texa\t\t\t\t\t<\/a>\n\t\t\t\t<\/h4>\n\t\t\t\n\t\t\t\t\t\t\t\t\t\t<div class=\"fusion-rollover-categories\"><a href=\"https:\/\/sezami.zacatecas.gob.mx\/?cat=151\" rel=\"tag\">Noticias<\/a><\/div>\t\t\t\t\t\n\t\t\n\t\t\t\t\t\t<a class=\"fusion-link-wrapper\" href=\"https:\/\/sezami.zacatecas.gob.mx\/?p=20430\" aria-label=\"Celebra su Primer Aniversario Federaci\u00f3n Nuestras Ra\u00edces Zacatecanas en Fort Worth, Texa\"><\/a>\n\t<\/div>\n<\/div>\n<\/div>\n<\/li>\n\t\t\t\n\t\t\t\n\t\t\t\t\t\t\t\t\t\t\t\n\t\t\t\t\t\n\t\t\t\t\t\t\t\t\t\t\t<li>\n\t\t\t\t\t\t\t<div class=\"fusion-image-wrapper\">\n\t\t\t\t\t\t\t\t<a href=\"https:\/\/sezami.zacatecas.gob.mx\/?p=20430\" aria-label=\"Celebra su Primer Aniversario Federaci\u00f3n Nuestras Ra\u00edces Zacatecanas en Fort Worth, Texa\">\n\t\t\t\t\t\t\t\t\t<img decoding=\"async\" width=\"1600\" height=\"1055\" src=\"https:\/\/sezami.zacatecas.gob.mx\/wp-content\/uploads\/2026\/03\/IMG-20260322-WA0018.jpg\" alt=\"\" class=\"wp-image-20433\" role=\"presentation\" srcset=\"https:\/\/sezami.zacatecas.gob.mx\/wp-content\/uploads\/2026\/03\/IMG-20260322-WA0018-200x132.jpg 200w, https:\/\/sezami.zacatecas.gob.mx\/wp-content\/uploads\/2026\/03\/IMG-20260322-WA0018-400x264.jpg 400w, https:\/\/sezami.zacatecas.gob.mx\/wp-content\/uploads\/2026\/03\/IMG-20260322-WA0018-600x396.jpg 600w, https:\/\/sezami.zacatecas.gob.mx\/wp-content\/uploads\/2026\/03\/IMG-20260322-WA0018-800x528.jpg 800w, https:\/\/sezami.zacatecas.gob.mx\/wp-content\/uploads\/2026\/03\/IMG-20260322-WA0018-1200x791.jpg 1200w, https:\/\/sezami.zacatecas.gob.mx\/wp-content\/uploads\/2026\/03\/IMG-20260322-WA0018.jpg 1600w\" sizes=\"(min-width: 2200px) 100vw, (min-width: 712px) 560px, (min-width: 640px) 712px, \" \/>\t\t\t\t\t\t\t\t<\/a>\n\t\t\t\t\t\t\t\t<a style=\"display:none;\" href=\"https:\/\/sezami.zacatecas.gob.mx\/wp-content\/uploads\/2026\/03\/IMG-20260322-WA0018.jpg\" data-rel=\"iLightbox[gallery20430]\"  title=\"\" data-title=\"IMG-20260322-WA0018\" data-caption=\"\">\n\t\t\t\t\t\t\t\t\t\t\t\t\t\t\t\t\t<\/a>\n\t\t\t\t\t\t\t<\/div>\n\t\t\t\t\t\t<\/li>\n\t\t\t\t\t\t\t\t\t\t\t\t\t\t\t\t\t\t\t\t\t\t\t\t\n\t\t\t\t\t\n\t\t\t\t\t\t\t\t\t\t\t<li>\n\t\t\t\t\t\t\t<div class=\"fusion-image-wrapper\">\n\t\t\t\t\t\t\t\t<a href=\"https:\/\/sezami.zacatecas.gob.mx\/?p=20430\" aria-label=\"Celebra su Primer Aniversario Federaci\u00f3n Nuestras Ra\u00edces Zacatecanas en Fort Worth, Texa\">\n\t\t\t\t\t\t\t\t\t<img decoding=\"async\" width=\"1157\" height=\"1600\" src=\"https:\/\/sezami.zacatecas.gob.mx\/wp-content\/uploads\/2026\/03\/IMG-20260322-WA0019.jpg\" alt=\"\" class=\"wp-image-20432\" role=\"presentation\" srcset=\"https:\/\/sezami.zacatecas.gob.mx\/wp-content\/uploads\/2026\/03\/IMG-20260322-WA0019-200x277.jpg 200w, https:\/\/sezami.zacatecas.gob.mx\/wp-content\/uploads\/2026\/03\/IMG-20260322-WA0019-400x553.jpg 400w, https:\/\/sezami.zacatecas.gob.mx\/wp-content\/uploads\/2026\/03\/IMG-20260322-WA0019-600x830.jpg 600w, https:\/\/sezami.zacatecas.gob.mx\/wp-content\/uploads\/2026\/03\/IMG-20260322-WA0019-800x1106.jpg 800w, https:\/\/sezami.zacatecas.gob.mx\/wp-content\/uploads\/2026\/03\/IMG-20260322-WA0019.jpg 1157w\" sizes=\"(min-width: 2200px) 100vw, (min-width: 712px) 560px, (min-width: 640px) 712px, \" \/>\t\t\t\t\t\t\t\t<\/a>\n\t\t\t\t\t\t\t\t<a style=\"display:none;\" href=\"https:\/\/sezami.zacatecas.gob.mx\/wp-content\/uploads\/2026\/03\/IMG-20260322-WA0019.jpg\" data-rel=\"iLightbox[gallery20430]\"  title=\"\" data-title=\"IMG-20260322-WA0019\" data-caption=\"\">\n\t\t\t\t\t\t\t\t\t\t\t\t\t\t\t\t\t<\/a>\n\t\t\t\t\t\t\t<\/div>\n\t\t\t\t\t\t<\/li>\n\t\t\t\t\t\t\t\t\t\t\t\t\t\t\t\t\t\t\t\t\t\t\t\t\n\t\t\t\t\t\n\t\t\t\t\t\t\t\t\t\t\t<li>\n\t\t\t\t\t\t\t<div class=\"fusion-image-wrapper\">\n\t\t\t\t\t\t\t\t<a href=\"https:\/\/sezami.zacatecas.gob.mx\/?p=20430\" aria-label=\"Celebra su Primer Aniversario Federaci\u00f3n Nuestras Ra\u00edces Zacatecanas en Fort Worth, Texa\">\n\t\t\t\t\t\t\t\t\t<img decoding=\"async\" width=\"1600\" height=\"1274\" src=\"https:\/\/sezami.zacatecas.gob.mx\/wp-content\/uploads\/2026\/03\/IMG-20260322-WA0020.jpg\" alt=\"\" class=\"wp-image-20431\" role=\"presentation\" srcset=\"https:\/\/sezami.zacatecas.gob.mx\/wp-content\/uploads\/2026\/03\/IMG-20260322-WA0020-200x159.jpg 200w, https:\/\/sezami.zacatecas.gob.mx\/wp-content\/uploads\/2026\/03\/IMG-20260322-WA0020-400x319.jpg 400w, https:\/\/sezami.zacatecas.gob.mx\/wp-content\/uploads\/2026\/03\/IMG-20260322-WA0020-600x478.jpg 600w, https:\/\/sezami.zacatecas.gob.mx\/wp-content\/uploads\/2026\/03\/IMG-20260322-WA0020-800x637.jpg 800w, https:\/\/sezami.zacatecas.gob.mx\/wp-content\/uploads\/2026\/03\/IMG-20260322-WA0020-1200x956.jpg 1200w, https:\/\/sezami.zacatecas.gob.mx\/wp-content\/uploads\/2026\/03\/IMG-20260322-WA0020.jpg 1600w\" sizes=\"(min-width: 2200px) 100vw, (min-width: 712px) 560px, (min-width: 640px) 712px, \" \/>\t\t\t\t\t\t\t\t<\/a>\n\t\t\t\t\t\t\t\t<a style=\"display:none;\" href=\"https:\/\/sezami.zacatecas.gob.mx\/wp-content\/uploads\/2026\/03\/IMG-20260322-WA0020.jpg\" data-rel=\"iLightbox[gallery20430]\"  title=\"\" data-title=\"IMG-20260322-WA0020\" data-caption=\"\">\n\t\t\t\t\t\t\t\t\t\t\t\t\t\t\t\t\t<\/a>\n\t\t\t\t\t\t\t<\/div>\n\t\t\t\t\t\t<\/li>\n\t\t\t\t\t\t\t\t\t\t\t\t\t\t\t\t\t\t\t\t\t\t\t\t\t\t\t\t\t\t\t\t\t\t\t\t\t\t\t\t\t\t\t\t\t\t\t\t\t\t\t\t\t\t\t\t\t\t\t\t\t\t\t\t\t\t\t\t\t\t\t\t\t\t\t\t\t\t\t\t\t\t\t\t\t\t\t\t\t\t\t\t\t\t\t\t\t\t\t\t\t\t\t\t\t\t\t\t\t\t\t<\/ul>\n\t<\/div>\n\t<div class=\"fusion-post-content-wrapper\" style=\"padding:30px 25px 25px 25px;\"><div class=\"fusion-post-content post-content\"><h2 class=\"blog-shortcode-post-title entry-title\"><a href=\"https:\/\/sezami.zacatecas.gob.mx\/?p=20430\">Celebra su Primer Aniversario Federaci\u00f3n Nuestras Ra\u00edces Zacatecanas en Fort Worth, Texa<\/a><\/h2><div class=\"fusion-post-content-container\"><p>\u25aa En representaci\u00f3n del Gobernador David Monreal \u00c1vila, el titular de Sezami, Iv\u00e1n Reyes Mill\u00e1n, encabez\u00f3 una agenda de actividades para la [...]<\/p><\/div><\/div><\/div><div class=\"fusion-clearfix\"><\/div><\/div>\n<\/article>\n<article id=\"blog-1-post-20424\" class=\"fusion-post-grid post-20424 post type-post status-publish format-standard has-post-thumbnail hentry category-noticias\">\n<div class=\"fusion-post-wrapper\" style=\"background-color:rgba(255,255,255,0);border:1px solid var(--awb-color2);border-bottom-width:3px;\">\n\n\t\t\t<div class=\"fusion-flexslider flexslider fusion-flexslider-loading fusion-post-slideshow\" style=\"border-color:var(--awb-color2);\">\n\t\t<ul class=\"slides\">\n\t\t\t\n\t\t\t\t\t\t\t\t\t\t\t\t\t\t<li><div  class=\"fusion-image-wrapper\" aria-haspopup=\"true\">\n\t\t\t\t<img width=\"1200\" height=\"800\" src=\"https:\/\/sezami.zacatecas.gob.mx\/wp-content\/uploads\/2026\/03\/IMG-20260320-WA0105.jpg\" class=\"attachment-full size-full wp-post-image\" alt=\"\" decoding=\"async\" loading=\"lazy\" srcset=\"https:\/\/sezami.zacatecas.gob.mx\/wp-content\/uploads\/2026\/03\/IMG-20260320-WA0105-200x133.jpg 200w, https:\/\/sezami.zacatecas.gob.mx\/wp-content\/uploads\/2026\/03\/IMG-20260320-WA0105-400x267.jpg 400w, https:\/\/sezami.zacatecas.gob.mx\/wp-content\/uploads\/2026\/03\/IMG-20260320-WA0105-600x400.jpg 600w, https:\/\/sezami.zacatecas.gob.mx\/wp-content\/uploads\/2026\/03\/IMG-20260320-WA0105-800x533.jpg 800w, https:\/\/sezami.zacatecas.gob.mx\/wp-content\/uploads\/2026\/03\/IMG-20260320-WA0105.jpg 1200w\" sizes=\"(min-width: 2200px) 100vw, (min-width: 712px) 560px, (min-width: 640px) 712px, \" \/><div class=\"fusion-rollover\">\n\t<div class=\"fusion-rollover-content\">\n\n\t\t\t\t\t\t\t\t\t\t\t\t\t\t<a class=\"fusion-rollover-link\" href=\"https:\/\/sezami.zacatecas.gob.mx\/?p=20424\">Acompa\u00f1a Gobierno de Zacatecas a 39 menores a su tr\u00e1mite de pasaporte estadounidense<\/a>\n\t\t\t\n\t\t\t\t\t\t\t\t\t\t\t\t\t\t\n\t\t\t\t\t\t\t\t\n\t\t\t\t\t\t\t\t\t\t\t\t\t<div class=\"fusion-rollover-sep\"><\/div>\n\t\t\t\t\n\t\t\t\t\t\t\t\t\t\t\t\t\t\t\t\t\t\t<a class=\"fusion-rollover-gallery\" href=\"https:\/\/sezami.zacatecas.gob.mx\/wp-content\/uploads\/2026\/03\/IMG-20260320-WA0105.jpg\" data-id=\"20424\" data-rel=\"iLightbox[gallery]\" data-title=\"IMG-20260320-WA0105\" data-caption=\"\">\n\t\t\t\t\t\tGallery\t\t\t\t\t<\/a>\n\t\t\t\t\t\t\t\t\t\t\t\t\t\t\n\t\t\n\t\t\t\t\t\t\t\t\t\t\t\t<h4 class=\"fusion-rollover-title\">\n\t\t\t\t\t<a class=\"fusion-rollover-title-link\" href=\"https:\/\/sezami.zacatecas.gob.mx\/?p=20424\">\n\t\t\t\t\t\tAcompa\u00f1a Gobierno de Zacatecas a 39 menores a su tr\u00e1mite de pasaporte estadounidense\t\t\t\t\t<\/a>\n\t\t\t\t<\/h4>\n\t\t\t\n\t\t\t\t\t\t\t\t\t\t<div class=\"fusion-rollover-categories\"><a href=\"https:\/\/sezami.zacatecas.gob.mx\/?cat=151\" rel=\"tag\">Noticias<\/a><\/div>\t\t\t\t\t\n\t\t\n\t\t\t\t\t\t<a class=\"fusion-link-wrapper\" href=\"https:\/\/sezami.zacatecas.gob.mx\/?p=20424\" aria-label=\"Acompa\u00f1a Gobierno de Zacatecas a 39 menores a su tr\u00e1mite de pasaporte estadounidense\"><\/a>\n\t<\/div>\n<\/div>\n<\/div>\n<\/li>\n\t\t\t\n\t\t\t\n\t\t\t\t\t\t\t\t\t\t\t\n\t\t\t\t\t\n\t\t\t\t\t\t\t\t\t\t\t<li>\n\t\t\t\t\t\t\t<div class=\"fusion-image-wrapper\">\n\t\t\t\t\t\t\t\t<a href=\"https:\/\/sezami.zacatecas.gob.mx\/?p=20424\" aria-label=\"Acompa\u00f1a Gobierno de Zacatecas a 39 menores a su tr\u00e1mite de pasaporte estadounidense\">\n\t\t\t\t\t\t\t\t\t<img decoding=\"async\" width=\"1200\" height=\"800\" src=\"https:\/\/sezami.zacatecas.gob.mx\/wp-content\/uploads\/2026\/03\/IMG-20260320-WA0106.jpg\" alt=\"\" class=\"wp-image-20425\" role=\"presentation\" srcset=\"https:\/\/sezami.zacatecas.gob.mx\/wp-content\/uploads\/2026\/03\/IMG-20260320-WA0106-200x133.jpg 200w, https:\/\/sezami.zacatecas.gob.mx\/wp-content\/uploads\/2026\/03\/IMG-20260320-WA0106-400x267.jpg 400w, https:\/\/sezami.zacatecas.gob.mx\/wp-content\/uploads\/2026\/03\/IMG-20260320-WA0106-600x400.jpg 600w, https:\/\/sezami.zacatecas.gob.mx\/wp-content\/uploads\/2026\/03\/IMG-20260320-WA0106-800x533.jpg 800w, https:\/\/sezami.zacatecas.gob.mx\/wp-content\/uploads\/2026\/03\/IMG-20260320-WA0106.jpg 1200w\" sizes=\"(min-width: 2200px) 100vw, (min-width: 712px) 560px, (min-width: 640px) 712px, \" \/>\t\t\t\t\t\t\t\t<\/a>\n\t\t\t\t\t\t\t\t<a style=\"display:none;\" href=\"https:\/\/sezami.zacatecas.gob.mx\/wp-content\/uploads\/2026\/03\/IMG-20260320-WA0106.jpg\" data-rel=\"iLightbox[gallery20424]\"  title=\"\" data-title=\"IMG-20260320-WA0106\" data-caption=\"\">\n\t\t\t\t\t\t\t\t\t\t\t\t\t\t\t\t\t<\/a>\n\t\t\t\t\t\t\t<\/div>\n\t\t\t\t\t\t<\/li>\n\t\t\t\t\t\t\t\t\t\t\t\t\t\t\t\t\t\t\t\t\t\t\t\t\n\t\t\t\t\t\n\t\t\t\t\t\t\t\t\t\t\t<li>\n\t\t\t\t\t\t\t<div class=\"fusion-image-wrapper\">\n\t\t\t\t\t\t\t\t<a href=\"https:\/\/sezami.zacatecas.gob.mx\/?p=20424\" aria-label=\"Acompa\u00f1a Gobierno de Zacatecas a 39 menores a su tr\u00e1mite de pasaporte estadounidense\">\n\t\t\t\t\t\t\t\t\t<img decoding=\"async\" width=\"1200\" height=\"800\" src=\"https:\/\/sezami.zacatecas.gob.mx\/wp-content\/uploads\/2026\/03\/IMG-20260320-WA0104.jpg\" alt=\"\" class=\"wp-image-20427\" role=\"presentation\" srcset=\"https:\/\/sezami.zacatecas.gob.mx\/wp-content\/uploads\/2026\/03\/IMG-20260320-WA0104-200x133.jpg 200w, https:\/\/sezami.zacatecas.gob.mx\/wp-content\/uploads\/2026\/03\/IMG-20260320-WA0104-400x267.jpg 400w, https:\/\/sezami.zacatecas.gob.mx\/wp-content\/uploads\/2026\/03\/IMG-20260320-WA0104-600x400.jpg 600w, https:\/\/sezami.zacatecas.gob.mx\/wp-content\/uploads\/2026\/03\/IMG-20260320-WA0104-800x533.jpg 800w, https:\/\/sezami.zacatecas.gob.mx\/wp-content\/uploads\/2026\/03\/IMG-20260320-WA0104.jpg 1200w\" sizes=\"(min-width: 2200px) 100vw, (min-width: 712px) 560px, (min-width: 640px) 712px, \" \/>\t\t\t\t\t\t\t\t<\/a>\n\t\t\t\t\t\t\t\t<a style=\"display:none;\" href=\"https:\/\/sezami.zacatecas.gob.mx\/wp-content\/uploads\/2026\/03\/IMG-20260320-WA0104.jpg\" data-rel=\"iLightbox[gallery20424]\"  title=\"\" data-title=\"IMG-20260320-WA0104\" data-caption=\"\">\n\t\t\t\t\t\t\t\t\t\t\t\t\t\t\t\t\t<\/a>\n\t\t\t\t\t\t\t<\/div>\n\t\t\t\t\t\t<\/li>\n\t\t\t\t\t\t\t\t\t\t\t\t\t\t\t\t\t\t\t\t\t\t\t\t\t\t\t\t\t\t\t\t\t\t\t\t\t\t\t\t\t\t\t\t\t\t\t\t\t\t\t\t\t\t\t\t\t\t\t\t\t\t\t\t\t\t\t\t\t\t\t\t\t\t\t\t\t\t\t\t\t\t\t\t\t\t\t\t\t\t\t\t\t\t\t\t\t\t\t\t\t\t\t\t\t\t\t\t\t\t\t\t\t\t\t\t\t\t\t\t\t\t\t\t\t\t<\/ul>\n\t<\/div>\n\t<div class=\"fusion-post-content-wrapper\" style=\"padding:30px 25px 25px 25px;\"><div class=\"fusion-post-content post-content\"><h2 class=\"blog-shortcode-post-title entry-title\"><a href=\"https:\/\/sezami.zacatecas.gob.mx\/?p=20424\">Acompa\u00f1a Gobierno de Zacatecas a 39 menores a su tr\u00e1mite de pasaporte estadounidense<\/a><\/h2><div class=\"fusion-post-content-container\"><p>La administraci\u00f3n del Gobernador David Monreal \u00c1vila, en coordinaci\u00f3n con el Consulado General de EE. UU. en Monterrey, realiza Primera Jornada del [...]<\/p><\/div><\/div><\/div><div class=\"fusion-clearfix\"><\/div><\/div>\n<\/article>\n<div class=\"fusion-clearfix\"><\/div><\/div><div class=\"pagination clearfix\"><span class=\"current\">1<\/span><a href=\"https:\/\/sezami.zacatecas.gob.mx\/index.php?rest_route=%2Fwp%2Fv2%2Fpages%2F1799&#038;paged=2\" class=\"inactive\">2<\/a><a class=\"pagination-next\" rel=\"next\" href=\"https:\/\/sezami.zacatecas.gob.mx\/index.php?rest_route=%2Fwp%2Fv2%2Fpages%2F1799&#038;paged=2\"><span class=\"page-text\">Siguiente<\/span><span class=\"page-next\"><\/span><\/a><\/div><div class=\"fusion-clearfix\"><\/div><\/div><\/div><style type=\"text\/css\">.fusion-body .fusion-builder-column-0{width:100% !important;margin-top : 0px;margin-bottom : 0px;}.fusion-builder-column-0 > .fusion-column-wrapper {padding-top : 0px !important;padding-right : 0px !important;margin-right : 1.92%;padding-bottom : 0px !important;padding-left : 0px !important;margin-left : 1.92%;}@media only screen and (max-width:1024px) {.fusion-body .fusion-builder-column-0{width:100% !important;}.fusion-builder-column-0 > .fusion-column-wrapper {margin-right : 1.92%;margin-left : 1.92%;}}@media only screen and (max-width:640px) {.fusion-body .fusion-builder-column-0{width:100% !important;}.fusion-builder-column-0 > .fusion-column-wrapper {margin-right : 1.92%;margin-left : 1.92%;}}<\/style><\/div><\/div><style type=\"text\/css\">.fusion-body .fusion-flex-container.fusion-builder-row-1{ padding-top : 40px;margin-top : 0px;padding-right : 0px;padding-bottom : 0px;margin-bottom : 0px;padding-left : 0px;}<\/style><\/div>\n","protected":false},"excerpt":{"rendered":"","protected":false},"author":5,"featured_media":0,"parent":0,"menu_order":0,"comment_status":"closed","ping_status":"closed","template":"","meta":{"_eb_attr":""},"_links":{"self":[{"href":"https:\/\/sezami.zacatecas.gob.mx\/index.php?rest_route=\/wp\/v2\/pages\/1799"}],"collection":[{"href":"https:\/\/sezami.zacatecas.gob.mx\/index.php?rest_route=\/wp\/v2\/pages"}],"about":[{"href":"https:\/\/sezami.zacatecas.gob.mx\/index.php?rest_route=\/wp\/v2\/types\/page"}],"author":[{"embeddable":true,"href":"https:\/\/sezami.zacatecas.gob.mx\/index.php?rest_route=\/wp\/v2\/users\/5"}],"replies":[{"embeddable":true,"href":"https:\/\/sezami.zacatecas.gob.mx\/index.php?rest_route=%2Fwp%2Fv2%2Fcomments&post=1799"}],"version-history":[{"count":19,"href":"https:\/\/sezami.zacatecas.gob.mx\/index.php?rest_route=\/wp\/v2\/pages\/1799\/revisions"}],"predecessor-version":[{"id":16939,"href":"https:\/\/sezami.zacatecas.gob.mx\/index.php?rest_route=\/wp\/v2\/pages\/1799\/revisions\/16939"}],"wp:attachment":[{"href":"https:\/\/sezami.zacatecas.gob.mx\/index.php?rest_route=%2Fwp%2Fv2%2Fmedia&parent=1799"}],"curies":[{"name":"wp","href":"https:\/\/api.w.org\/{rel}","templated":true}]}}